{"id":21776,"date":"2024-05-08T17:39:49","date_gmt":"2024-05-08T15:39:49","guid":{"rendered":"https:\/\/ebrexperience.cat\/events\/festival-de-arte-urbano-efimurs\/"},"modified":"2024-05-09T17:59:19","modified_gmt":"2024-05-09T15:59:19","slug":"festival-de-arte-urbano-efimurs","status":"publish","type":"ajde_events","link":"https:\/\/ebrexperience.cat\/es\/events\/festival-de-arte-urbano-efimurs\/","title":{"rendered":"Festival de Arte Urbano \u2018Ef\u00edmurs\u2019"},"content":{"rendered":"\n<p>El Festival de Arte Urbano &#8216;Ef\u00edmurs&#8217; transformar\u00e1 la imagen de la Ametlla de Mar con murales llenos de vida marinera y creatividad.&#13;\nL&#8217;Ametlla de Mar acoger\u00e1, a partir del lunes 13 de mayo, la 1a edici\u00f3n del Festival de Arte Urbano &#8216;Ef\u00edmurs&#8217;. Una decena de artistas de todo el mundo intervendr\u00e1n en varias fachadas del municipio, hasta el 28 de mayo. Durante&#13;\nestos d\u00edas tambi\u00e9n tendr\u00e1n lugar conferencias, una exposici\u00f3n y el 1 de junio concluir\u00e1 el festival con una exhibici\u00f3n de graffitis, vermut electr\u00f3nico y mucho m\u00e1s.<\/p>\n\n<h3 class=\"wp-block-heading\">Programa<\/h3>\n\n<p>Paralelamente a la pintada de murales, del 13 al 18 de mayo se podr\u00e1 visitar una exposici\u00f3n gratuita de los artistas de Asem &amp; Manz en el Centro de Interpretaci\u00f3n de la Pesca, que inaugurar\u00e1n el festival el lunes a las 19.30 h. Adem\u00e1s, en el mismo CIP el 14 de mayo tambi\u00e9n tendr\u00e1 lugar una mesa redonda con tres artistas, Dridali, Furyo &amp; Hamma y el 16 de mayo, el artista internacional Filite dar\u00e1 una conferencia sobre su mural ubicado en el CIP.<\/p>\n\n<p>Adem\u00e1s, el Festival de Arte Urbano &#8216;Ef\u00edmurs&#8217; no solo se centrar\u00e1 en el muralismo, sino que tambi\u00e9n estar\u00e1 presente el graffiti con una exhibici\u00f3n el 1 de junio en el mercado municipal. De hecho, ser\u00e1 ese mismo d\u00eda y en este punto del municipio donde se pondr\u00e1 fin al festival con diversas actividades como un taller infantil, una barbacoa del Bar las Brochas, un vermut electr\u00f3nico de la mano de Dj Mael Wulschleger y un recorrido de arte urbano con la Charanga Suquet Calero.&#13;\nM\u00e1s info @efimurs&#13;\nOtros eventos&#13;\n<a href=\"http:\/\/instagram.com\/efimursfestival\/\" target=\"_blank\" rel=\"noreferrer noopener\">M\u00e1s info @efimurs<\/a>&#13;\n<a href=\"http:\/\/ebrexperience.cat\/agenda\" target=\"_blank\" rel=\"noreferrer noopener\">Otros eventos<\/a><\/p>\n\n<figure class=\"wp-block-image size-large\"><img fetchpriority=\"high\" decoding=\"async\" width=\"1024\" height=\"725\" src=\"https:\/\/ebrexperience.cat\/wp-content\/uploads\/2024\/05\/TRIPTIC-EFIMURS_page-0001-1024x725.jpg\" alt=\"\" class=\"wp-image-21725\"\/><\/figure>\n","protected":false},"author":96,"featured_media":21724,"menu_order":0,"comment_status":"closed","ping_status":"closed","template":"","meta":{"_acf_changed":false},"tags":[],"event_type":[439],"event_type_2":[],"event_type_3":[],"class_list":["post-21776","ajde_events","type-ajde_events","status-publish","has-post-thumbnail","hentry","event_type-l-ametlla-de-mar-es"],"acf":[],"yoast_head":"<!-- This site is optimized with the Yoast SEO plugin v27.5 - https:\/\/yoast.com\/product\/yoast-seo-wordpress\/ -->\n<title>Festival de Arte Urbano \u2018Ef\u00edmurs\u2019 - Ebrexperience<\/title>\n<meta name=\"robots\" content=\"index, follow, max-snippet:-1, max-image-preview:large, max-video-preview:-1\" \/>\n<link rel=\"canonical\" href=\"https:\/\/ebrexperience.cat\/es\/events\/festival-de-arte-urbano-efimurs\/\" \/>\n<meta property=\"og:locale\" content=\"es_ES\" \/>\n<meta property=\"og:type\" content=\"article\" \/>\n<meta property=\"og:title\" content=\"Festival de Arte Urbano \u2018Ef\u00edmurs\u2019 - Ebrexperience\" \/>\n<meta property=\"og:description\" content=\"El Festival de Arte Urbano &#8216;Ef\u00edmurs&#8217; transformar\u00e1 la imagen de la Ametlla de Mar con murales llenos de vida marinera y creatividad.&#013; L&#8217;Ametlla de Mar acoger\u00e1, a partir del lunes 13 de mayo, la 1a edici\u00f3n del Festival de Arte Urbano &#8216;Ef\u00edmurs&#8217;. Una decena de artistas de todo el mundo intervendr\u00e1n en varias fachadas del &hellip;\" \/>\n<meta property=\"og:url\" content=\"https:\/\/ebrexperience.cat\/es\/events\/festival-de-arte-urbano-efimurs\/\" \/>\n<meta property=\"og:site_name\" content=\"Ebrexperience\" \/>\n<meta property=\"article:publisher\" content=\"https:\/\/www.facebook.com\/EbreXperience\/\" \/>\n<meta property=\"article:modified_time\" content=\"2024-05-09T15:59:19+00:00\" \/>\n<meta property=\"og:image\" content=\"https:\/\/ebrexperience.cat\/wp-content\/uploads\/2024\/05\/cartell-agenda.jpeg\" \/>\n\t<meta property=\"og:image:width\" content=\"1414\" \/>\n\t<meta property=\"og:image:height\" content=\"2048\" \/>\n\t<meta property=\"og:image:type\" content=\"image\/jpeg\" \/>\n<meta name=\"twitter:card\" content=\"summary_large_image\" \/>\n<meta name=\"twitter:site\" content=\"@ebrexperience\" \/>\n<meta name=\"twitter:label1\" content=\"Tiempo de lectura\" \/>\n\t<meta name=\"twitter:data1\" content=\"1 minuto\" \/>\n<script type=\"application\/ld+json\" class=\"yoast-schema-graph\">{\"@context\":\"https:\\\/\\\/schema.org\",\"@graph\":[{\"@type\":\"WebPage\",\"@id\":\"https:\\\/\\\/ebrexperience.cat\\\/es\\\/events\\\/festival-de-arte-urbano-efimurs\\\/\",\"url\":\"https:\\\/\\\/ebrexperience.cat\\\/es\\\/events\\\/festival-de-arte-urbano-efimurs\\\/\",\"name\":\"Festival de Arte Urbano \u2018Ef\u00edmurs\u2019 - Ebrexperience\",\"isPartOf\":{\"@id\":\"https:\\\/\\\/ebrexperience.cat\\\/#website\"},\"primaryImageOfPage\":{\"@id\":\"https:\\\/\\\/ebrexperience.cat\\\/es\\\/events\\\/festival-de-arte-urbano-efimurs\\\/#primaryimage\"},\"image\":{\"@id\":\"https:\\\/\\\/ebrexperience.cat\\\/es\\\/events\\\/festival-de-arte-urbano-efimurs\\\/#primaryimage\"},\"thumbnailUrl\":\"https:\\\/\\\/ebrexperience.cat\\\/wp-content\\\/uploads\\\/2024\\\/05\\\/cartell-agenda.jpeg\",\"datePublished\":\"2024-05-08T15:39:49+00:00\",\"dateModified\":\"2024-05-09T15:59:19+00:00\",\"breadcrumb\":{\"@id\":\"https:\\\/\\\/ebrexperience.cat\\\/es\\\/events\\\/festival-de-arte-urbano-efimurs\\\/#breadcrumb\"},\"inLanguage\":\"es\",\"potentialAction\":[{\"@type\":\"ReadAction\",\"target\":[\"https:\\\/\\\/ebrexperience.cat\\\/es\\\/events\\\/festival-de-arte-urbano-efimurs\\\/\"]}]},{\"@type\":\"ImageObject\",\"inLanguage\":\"es\",\"@id\":\"https:\\\/\\\/ebrexperience.cat\\\/es\\\/events\\\/festival-de-arte-urbano-efimurs\\\/#primaryimage\",\"url\":\"https:\\\/\\\/ebrexperience.cat\\\/wp-content\\\/uploads\\\/2024\\\/05\\\/cartell-agenda.jpeg\",\"contentUrl\":\"https:\\\/\\\/ebrexperience.cat\\\/wp-content\\\/uploads\\\/2024\\\/05\\\/cartell-agenda.jpeg\",\"width\":1414,\"height\":2048,\"caption\":\"efimurs\"},{\"@type\":\"BreadcrumbList\",\"@id\":\"https:\\\/\\\/ebrexperience.cat\\\/es\\\/events\\\/festival-de-arte-urbano-efimurs\\\/#breadcrumb\",\"itemListElement\":[{\"@type\":\"ListItem\",\"position\":1,\"name\":\"Portada\",\"item\":\"https:\\\/\\\/ebrexperience.cat\\\/es\\\/\"},{\"@type\":\"ListItem\",\"position\":2,\"name\":\"Events\",\"item\":\"https:\\\/\\\/ebrexperience.cat\\\/events\\\/\"},{\"@type\":\"ListItem\",\"position\":3,\"name\":\"Festival de Arte Urbano \u2018Ef\u00edmurs\u2019\"}]},{\"@type\":\"WebSite\",\"@id\":\"https:\\\/\\\/ebrexperience.cat\\\/#website\",\"url\":\"https:\\\/\\\/ebrexperience.cat\\\/\",\"name\":\"Ebrexperience\",\"description\":\"\",\"publisher\":{\"@id\":\"https:\\\/\\\/ebrexperience.cat\\\/#organization\"},\"potentialAction\":[{\"@type\":\"SearchAction\",\"target\":{\"@type\":\"EntryPoint\",\"urlTemplate\":\"https:\\\/\\\/ebrexperience.cat\\\/?s={search_term_string}\"},\"query-input\":{\"@type\":\"PropertyValueSpecification\",\"valueRequired\":true,\"valueName\":\"search_term_string\"}}],\"inLanguage\":\"es\"},{\"@type\":\"Organization\",\"@id\":\"https:\\\/\\\/ebrexperience.cat\\\/#organization\",\"name\":\"Ebrexperience\",\"url\":\"https:\\\/\\\/ebrexperience.cat\\\/\",\"logo\":{\"@type\":\"ImageObject\",\"inLanguage\":\"es\",\"@id\":\"https:\\\/\\\/ebrexperience.cat\\\/#\\\/schema\\\/logo\\\/image\\\/\",\"url\":\"https:\\\/\\\/ebrexperience.cat\\\/wp-content\\\/uploads\\\/2023\\\/03\\\/logo.png\",\"contentUrl\":\"https:\\\/\\\/ebrexperience.cat\\\/wp-content\\\/uploads\\\/2023\\\/03\\\/logo.png\",\"width\":252,\"height\":45,\"caption\":\"Ebrexperience\"},\"image\":{\"@id\":\"https:\\\/\\\/ebrexperience.cat\\\/#\\\/schema\\\/logo\\\/image\\\/\"},\"sameAs\":[\"https:\\\/\\\/www.facebook.com\\\/EbreXperience\\\/\",\"https:\\\/\\\/x.com\\\/ebrexperience\",\"https:\\\/\\\/www.instagram.com\\\/ebrexperience\\\/\"]}]}<\/script>\n<!-- \/ Yoast SEO plugin. -->","yoast_head_json":{"title":"Festival de Arte Urbano \u2018Ef\u00edmurs\u2019 - Ebrexperience","robots":{"index":"index","follow":"follow","max-snippet":"max-snippet:-1","max-image-preview":"max-image-preview:large","max-video-preview":"max-video-preview:-1"},"canonical":"https:\/\/ebrexperience.cat\/es\/events\/festival-de-arte-urbano-efimurs\/","og_locale":"es_ES","og_type":"article","og_title":"Festival de Arte Urbano \u2018Ef\u00edmurs\u2019 - Ebrexperience","og_description":"El Festival de Arte Urbano &#8216;Ef\u00edmurs&#8217; transformar\u00e1 la imagen de la Ametlla de Mar con murales llenos de vida marinera y creatividad.&#13; L&#8217;Ametlla de Mar acoger\u00e1, a partir del lunes 13 de mayo, la 1a edici\u00f3n del Festival de Arte Urbano &#8216;Ef\u00edmurs&#8217;. Una decena de artistas de todo el mundo intervendr\u00e1n en varias fachadas del &hellip;","og_url":"https:\/\/ebrexperience.cat\/es\/events\/festival-de-arte-urbano-efimurs\/","og_site_name":"Ebrexperience","article_publisher":"https:\/\/www.facebook.com\/EbreXperience\/","article_modified_time":"2024-05-09T15:59:19+00:00","og_image":[{"width":1414,"height":2048,"url":"https:\/\/ebrexperience.cat\/wp-content\/uploads\/2024\/05\/cartell-agenda.jpeg","type":"image\/jpeg"}],"twitter_card":"summary_large_image","twitter_site":"@ebrexperience","twitter_misc":{"Tiempo de lectura":"1 minuto"},"schema":{"@context":"https:\/\/schema.org","@graph":[{"@type":"WebPage","@id":"https:\/\/ebrexperience.cat\/es\/events\/festival-de-arte-urbano-efimurs\/","url":"https:\/\/ebrexperience.cat\/es\/events\/festival-de-arte-urbano-efimurs\/","name":"Festival de Arte Urbano \u2018Ef\u00edmurs\u2019 - Ebrexperience","isPartOf":{"@id":"https:\/\/ebrexperience.cat\/#website"},"primaryImageOfPage":{"@id":"https:\/\/ebrexperience.cat\/es\/events\/festival-de-arte-urbano-efimurs\/#primaryimage"},"image":{"@id":"https:\/\/ebrexperience.cat\/es\/events\/festival-de-arte-urbano-efimurs\/#primaryimage"},"thumbnailUrl":"https:\/\/ebrexperience.cat\/wp-content\/uploads\/2024\/05\/cartell-agenda.jpeg","datePublished":"2024-05-08T15:39:49+00:00","dateModified":"2024-05-09T15:59:19+00:00","breadcrumb":{"@id":"https:\/\/ebrexperience.cat\/es\/events\/festival-de-arte-urbano-efimurs\/#breadcrumb"},"inLanguage":"es","potentialAction":[{"@type":"ReadAction","target":["https:\/\/ebrexperience.cat\/es\/events\/festival-de-arte-urbano-efimurs\/"]}]},{"@type":"ImageObject","inLanguage":"es","@id":"https:\/\/ebrexperience.cat\/es\/events\/festival-de-arte-urbano-efimurs\/#primaryimage","url":"https:\/\/ebrexperience.cat\/wp-content\/uploads\/2024\/05\/cartell-agenda.jpeg","contentUrl":"https:\/\/ebrexperience.cat\/wp-content\/uploads\/2024\/05\/cartell-agenda.jpeg","width":1414,"height":2048,"caption":"efimurs"},{"@type":"BreadcrumbList","@id":"https:\/\/ebrexperience.cat\/es\/events\/festival-de-arte-urbano-efimurs\/#breadcrumb","itemListElement":[{"@type":"ListItem","position":1,"name":"Portada","item":"https:\/\/ebrexperience.cat\/es\/"},{"@type":"ListItem","position":2,"name":"Events","item":"https:\/\/ebrexperience.cat\/events\/"},{"@type":"ListItem","position":3,"name":"Festival de Arte Urbano \u2018Ef\u00edmurs\u2019"}]},{"@type":"WebSite","@id":"https:\/\/ebrexperience.cat\/#website","url":"https:\/\/ebrexperience.cat\/","name":"Ebrexperience","description":"","publisher":{"@id":"https:\/\/ebrexperience.cat\/#organization"},"potentialAction":[{"@type":"SearchAction","target":{"@type":"EntryPoint","urlTemplate":"https:\/\/ebrexperience.cat\/?s={search_term_string}"},"query-input":{"@type":"PropertyValueSpecification","valueRequired":true,"valueName":"search_term_string"}}],"inLanguage":"es"},{"@type":"Organization","@id":"https:\/\/ebrexperience.cat\/#organization","name":"Ebrexperience","url":"https:\/\/ebrexperience.cat\/","logo":{"@type":"ImageObject","inLanguage":"es","@id":"https:\/\/ebrexperience.cat\/#\/schema\/logo\/image\/","url":"https:\/\/ebrexperience.cat\/wp-content\/uploads\/2023\/03\/logo.png","contentUrl":"https:\/\/ebrexperience.cat\/wp-content\/uploads\/2023\/03\/logo.png","width":252,"height":45,"caption":"Ebrexperience"},"image":{"@id":"https:\/\/ebrexperience.cat\/#\/schema\/logo\/image\/"},"sameAs":["https:\/\/www.facebook.com\/EbreXperience\/","https:\/\/x.com\/ebrexperience","https:\/\/www.instagram.com\/ebrexperience\/"]}]}},"_links":{"self":[{"href":"https:\/\/ebrexperience.cat\/es\/wp-json\/wp\/v2\/ajde_events\/21776","targetHints":{"allow":["GET"]}}],"collection":[{"href":"https:\/\/ebrexperience.cat\/es\/wp-json\/wp\/v2\/ajde_events"}],"about":[{"href":"https:\/\/ebrexperience.cat\/es\/wp-json\/wp\/v2\/types\/ajde_events"}],"author":[{"embeddable":true,"href":"https:\/\/ebrexperience.cat\/es\/wp-json\/wp\/v2\/users\/96"}],"replies":[{"embeddable":true,"href":"https:\/\/ebrexperience.cat\/es\/wp-json\/wp\/v2\/comments?post=21776"}],"wp:featuredmedia":[{"embeddable":true,"href":"https:\/\/ebrexperience.cat\/es\/wp-json\/wp\/v2\/media\/21724"}],"wp:attachment":[{"href":"https:\/\/ebrexperience.cat\/es\/wp-json\/wp\/v2\/media?parent=21776"}],"wp:term":[{"taxonomy":"post_tag","embeddable":true,"href":"https:\/\/ebrexperience.cat\/es\/wp-json\/wp\/v2\/tags?post=21776"},{"taxonomy":"event_type","embeddable":true,"href":"https:\/\/ebrexperience.cat\/es\/wp-json\/wp\/v2\/event_type?post=21776"},{"taxonomy":"event_type_2","embeddable":true,"href":"https:\/\/ebrexperience.cat\/es\/wp-json\/wp\/v2\/event_type_2?post=21776"},{"taxonomy":"event_type_3","embeddable":true,"href":"https:\/\/ebrexperience.cat\/es\/wp-json\/wp\/v2\/event_type_3?post=21776"}],"curies":[{"name":"wp","href":"https:\/\/api.w.org\/{rel}","templated":true}]}}