{"id":21582,"date":"2024-04-18T16:29:25","date_gmt":"2024-04-18T14:29:25","guid":{"rendered":"https:\/\/ebrexperience.cat\/events\/diada-de-lostra-del-delta\/"},"modified":"2024-04-22T16:43:43","modified_gmt":"2024-04-22T14:43:43","slug":"diada-de-lostra-del-delta","status":"publish","type":"ajde_events","link":"https:\/\/ebrexperience.cat\/es\/events\/diada-de-lostra-del-delta\/","title":{"rendered":"Diada de l&#8217;Ostra del Delta"},"content":{"rendered":"\n<p>32\u00aa edici\u00f3n de la Diada de l&#8217;Ostra del Delta. L&#8217;Ampolla domingo 5 de mayo. Durante la ma\u00f1ana, se repartir\u00e1n 2.500 kilos de ostras del Delta del Ebro entre todas las personas asistentes al evento, que tendr\u00e1 lugar en el puerto pesquero del municipio.&#13;\n&#13;\nComo novedad, este a\u00f1o se pueden adquirir los tiques anticipadamente a trav\u00e9s de la plataforma Ebreticket. La venta estar\u00e1 disponible hasta el 4 de mayo. Las personas que los compren online, el mismo domingo tendr\u00e1n que dirigirse a la carpa habilitada en la plaza Gonz\u00e1lez Isla con los tickets en formato digital o impreso para recoger las degustaciones, que incluyen cinco ostras crudas, una copa de cava y uno sombrero.&#13;\nOrganizado por el Ayuntamiento de L&#8217;Ampolla, la fiesta ser\u00e1 de 11:00 a 14:00 horas y las personas asistentes podr\u00e1n disfrutar de m\u00fasica en vivo. Adem\u00e1s, habr\u00e1 un espacio en el que los restaurantes participantes que expondr\u00e1n alguno de los platos de ostra cocinada de los men\u00fas que ofrecer\u00e1n. Los vecinos y vecinas de L&#8217;Ampolla as\u00ed como los visitantes tambi\u00e9n podr\u00e1n disfrutar de comercio en la calle. Establecimientos locales instalar\u00e1n paradas en la zona de donde tendr\u00e1 lugar el d\u00eda.<\/p>\n\n<h4 class=\"wp-block-heading\">XXXIII Jornadas Gastron\u00f2micas de la Ostra <\/h4>\n\n<p>XXXIII Jornadas Gastron\u00f3micas de la Ostra El s\u00e1bado 4 de mayo, se dar\u00e1 el pistoletazo de salida, que se celebrar\u00e1n hasta el 19 de mayo. Este a\u00f1o, se han adherido 17 restaurantes: Bama Restaurante-Beach Club, Botavara, Can Pi\u00f1ana, Casa David, Casa Llambrich, Delta Mar, El N\u00e1utico, La Barraca, La Roca Plana, Lo Goler\u00f3, Lo T\u00edpic, Perales, Rafa, Del Mar Flamingo, Rodamar, Salazar&#8217;s y Sol.<\/p>\n\n<p>Entre las propuestas que incluyen los men\u00fas, se podr\u00e1n degustar platos como ostras de l&#8217;Ampolla marinadas, ostras a la parrilla con mantequilla de hinojo, ostra natural con mousse de aguacate y leche de tigre, arroz con ostra semicocida y ortigas de mar, huevo con angula y crujientes de ostra rizada y ostras teriyaki, entre otros muchos platos. Los precios de los men\u00fas oscilan entre 35 y 45 euros.&#13;\n<a href=\"http:\/\/ebrexperience.cat\/agenda\">Otros eventos<\/a><\/p>\n","protected":false},"author":96,"featured_media":21561,"menu_order":0,"comment_status":"closed","ping_status":"closed","template":"","meta":{"_acf_changed":false},"tags":[],"event_type":[375],"event_type_2":[],"event_type_3":[],"class_list":["post-21582","ajde_events","type-ajde_events","status-publish","has-post-thumbnail","hentry","event_type-lampolla-es"],"acf":[],"yoast_head":"<!-- This site is optimized with the Yoast SEO plugin v27.5 - https:\/\/yoast.com\/product\/yoast-seo-wordpress\/ -->\n<title>Diada de l&#039;Ostra del Delta - Ebrexperience<\/title>\n<meta name=\"robots\" content=\"index, follow, max-snippet:-1, max-image-preview:large, max-video-preview:-1\" \/>\n<link rel=\"canonical\" href=\"https:\/\/ebrexperience.cat\/es\/events\/diada-de-lostra-del-delta\/\" \/>\n<meta property=\"og:locale\" content=\"es_ES\" \/>\n<meta property=\"og:type\" content=\"article\" \/>\n<meta property=\"og:title\" content=\"Diada de l&#039;Ostra del Delta - Ebrexperience\" \/>\n<meta property=\"og:description\" content=\"32\u00aa edici\u00f3n de la Diada de l&#8217;Ostra del Delta. L&#8217;Ampolla domingo 5 de mayo. Durante la ma\u00f1ana, se repartir\u00e1n 2.500 kilos de ostras del Delta del Ebro entre todas las personas asistentes al evento, que tendr\u00e1 lugar en el puerto pesquero del municipio.&#013; &#013; Como novedad, este a\u00f1o se pueden adquirir los tiques anticipadamente a &hellip;\" \/>\n<meta property=\"og:url\" content=\"https:\/\/ebrexperience.cat\/es\/events\/diada-de-lostra-del-delta\/\" \/>\n<meta property=\"og:site_name\" content=\"Ebrexperience\" \/>\n<meta property=\"article:publisher\" content=\"https:\/\/www.facebook.com\/EbreXperience\/\" \/>\n<meta property=\"article:modified_time\" content=\"2024-04-22T14:43:43+00:00\" \/>\n<meta property=\"og:image\" content=\"https:\/\/ebrexperience.cat\/wp-content\/uploads\/2024\/04\/Cartell-Diada-de-lOstra-de-lAmpolla-2024-scaled.jpg\" \/>\n\t<meta property=\"og:image:width\" content=\"1810\" \/>\n\t<meta property=\"og:image:height\" content=\"2560\" \/>\n\t<meta property=\"og:image:type\" content=\"image\/jpeg\" \/>\n<meta name=\"twitter:card\" content=\"summary_large_image\" \/>\n<meta name=\"twitter:site\" content=\"@ebrexperience\" \/>\n<meta name=\"twitter:label1\" content=\"Tiempo de lectura\" \/>\n\t<meta name=\"twitter:data1\" content=\"2 minutos\" \/>\n<script type=\"application\/ld+json\" class=\"yoast-schema-graph\">{\"@context\":\"https:\\\/\\\/schema.org\",\"@graph\":[{\"@type\":\"WebPage\",\"@id\":\"https:\\\/\\\/ebrexperience.cat\\\/es\\\/events\\\/diada-de-lostra-del-delta\\\/\",\"url\":\"https:\\\/\\\/ebrexperience.cat\\\/es\\\/events\\\/diada-de-lostra-del-delta\\\/\",\"name\":\"Diada de l'Ostra del Delta - Ebrexperience\",\"isPartOf\":{\"@id\":\"https:\\\/\\\/ebrexperience.cat\\\/#website\"},\"primaryImageOfPage\":{\"@id\":\"https:\\\/\\\/ebrexperience.cat\\\/es\\\/events\\\/diada-de-lostra-del-delta\\\/#primaryimage\"},\"image\":{\"@id\":\"https:\\\/\\\/ebrexperience.cat\\\/es\\\/events\\\/diada-de-lostra-del-delta\\\/#primaryimage\"},\"thumbnailUrl\":\"https:\\\/\\\/ebrexperience.cat\\\/wp-content\\\/uploads\\\/2024\\\/04\\\/Cartell-Diada-de-lOstra-de-lAmpolla-2024-scaled.jpg\",\"datePublished\":\"2024-04-18T14:29:25+00:00\",\"dateModified\":\"2024-04-22T14:43:43+00:00\",\"breadcrumb\":{\"@id\":\"https:\\\/\\\/ebrexperience.cat\\\/es\\\/events\\\/diada-de-lostra-del-delta\\\/#breadcrumb\"},\"inLanguage\":\"es\",\"potentialAction\":[{\"@type\":\"ReadAction\",\"target\":[\"https:\\\/\\\/ebrexperience.cat\\\/es\\\/events\\\/diada-de-lostra-del-delta\\\/\"]}]},{\"@type\":\"ImageObject\",\"inLanguage\":\"es\",\"@id\":\"https:\\\/\\\/ebrexperience.cat\\\/es\\\/events\\\/diada-de-lostra-del-delta\\\/#primaryimage\",\"url\":\"https:\\\/\\\/ebrexperience.cat\\\/wp-content\\\/uploads\\\/2024\\\/04\\\/Cartell-Diada-de-lOstra-de-lAmpolla-2024-scaled.jpg\",\"contentUrl\":\"https:\\\/\\\/ebrexperience.cat\\\/wp-content\\\/uploads\\\/2024\\\/04\\\/Cartell-Diada-de-lOstra-de-lAmpolla-2024-scaled.jpg\",\"width\":1810,\"height\":2560,\"caption\":\"Diada de l'Ostra de l'Ampolla 2024\"},{\"@type\":\"BreadcrumbList\",\"@id\":\"https:\\\/\\\/ebrexperience.cat\\\/es\\\/events\\\/diada-de-lostra-del-delta\\\/#breadcrumb\",\"itemListElement\":[{\"@type\":\"ListItem\",\"position\":1,\"name\":\"Portada\",\"item\":\"https:\\\/\\\/ebrexperience.cat\\\/es\\\/\"},{\"@type\":\"ListItem\",\"position\":2,\"name\":\"Events\",\"item\":\"https:\\\/\\\/ebrexperience.cat\\\/events\\\/\"},{\"@type\":\"ListItem\",\"position\":3,\"name\":\"Diada de l&#8217;Ostra del Delta\"}]},{\"@type\":\"WebSite\",\"@id\":\"https:\\\/\\\/ebrexperience.cat\\\/#website\",\"url\":\"https:\\\/\\\/ebrexperience.cat\\\/\",\"name\":\"Ebrexperience\",\"description\":\"\",\"publisher\":{\"@id\":\"https:\\\/\\\/ebrexperience.cat\\\/#organization\"},\"potentialAction\":[{\"@type\":\"SearchAction\",\"target\":{\"@type\":\"EntryPoint\",\"urlTemplate\":\"https:\\\/\\\/ebrexperience.cat\\\/?s={search_term_string}\"},\"query-input\":{\"@type\":\"PropertyValueSpecification\",\"valueRequired\":true,\"valueName\":\"search_term_string\"}}],\"inLanguage\":\"es\"},{\"@type\":\"Organization\",\"@id\":\"https:\\\/\\\/ebrexperience.cat\\\/#organization\",\"name\":\"Ebrexperience\",\"url\":\"https:\\\/\\\/ebrexperience.cat\\\/\",\"logo\":{\"@type\":\"ImageObject\",\"inLanguage\":\"es\",\"@id\":\"https:\\\/\\\/ebrexperience.cat\\\/#\\\/schema\\\/logo\\\/image\\\/\",\"url\":\"https:\\\/\\\/ebrexperience.cat\\\/wp-content\\\/uploads\\\/2023\\\/03\\\/logo.png\",\"contentUrl\":\"https:\\\/\\\/ebrexperience.cat\\\/wp-content\\\/uploads\\\/2023\\\/03\\\/logo.png\",\"width\":252,\"height\":45,\"caption\":\"Ebrexperience\"},\"image\":{\"@id\":\"https:\\\/\\\/ebrexperience.cat\\\/#\\\/schema\\\/logo\\\/image\\\/\"},\"sameAs\":[\"https:\\\/\\\/www.facebook.com\\\/EbreXperience\\\/\",\"https:\\\/\\\/x.com\\\/ebrexperience\",\"https:\\\/\\\/www.instagram.com\\\/ebrexperience\\\/\"]}]}<\/script>\n<!-- \/ Yoast SEO plugin. -->","yoast_head_json":{"title":"Diada de l'Ostra del Delta - Ebrexperience","robots":{"index":"index","follow":"follow","max-snippet":"max-snippet:-1","max-image-preview":"max-image-preview:large","max-video-preview":"max-video-preview:-1"},"canonical":"https:\/\/ebrexperience.cat\/es\/events\/diada-de-lostra-del-delta\/","og_locale":"es_ES","og_type":"article","og_title":"Diada de l'Ostra del Delta - Ebrexperience","og_description":"32\u00aa edici\u00f3n de la Diada de l&#8217;Ostra del Delta. L&#8217;Ampolla domingo 5 de mayo. Durante la ma\u00f1ana, se repartir\u00e1n 2.500 kilos de ostras del Delta del Ebro entre todas las personas asistentes al evento, que tendr\u00e1 lugar en el puerto pesquero del municipio.&#13; &#13; Como novedad, este a\u00f1o se pueden adquirir los tiques anticipadamente a &hellip;","og_url":"https:\/\/ebrexperience.cat\/es\/events\/diada-de-lostra-del-delta\/","og_site_name":"Ebrexperience","article_publisher":"https:\/\/www.facebook.com\/EbreXperience\/","article_modified_time":"2024-04-22T14:43:43+00:00","og_image":[{"width":1810,"height":2560,"url":"https:\/\/ebrexperience.cat\/wp-content\/uploads\/2024\/04\/Cartell-Diada-de-lOstra-de-lAmpolla-2024-scaled.jpg","type":"image\/jpeg"}],"twitter_card":"summary_large_image","twitter_site":"@ebrexperience","twitter_misc":{"Tiempo de lectura":"2 minutos"},"schema":{"@context":"https:\/\/schema.org","@graph":[{"@type":"WebPage","@id":"https:\/\/ebrexperience.cat\/es\/events\/diada-de-lostra-del-delta\/","url":"https:\/\/ebrexperience.cat\/es\/events\/diada-de-lostra-del-delta\/","name":"Diada de l'Ostra del Delta - Ebrexperience","isPartOf":{"@id":"https:\/\/ebrexperience.cat\/#website"},"primaryImageOfPage":{"@id":"https:\/\/ebrexperience.cat\/es\/events\/diada-de-lostra-del-delta\/#primaryimage"},"image":{"@id":"https:\/\/ebrexperience.cat\/es\/events\/diada-de-lostra-del-delta\/#primaryimage"},"thumbnailUrl":"https:\/\/ebrexperience.cat\/wp-content\/uploads\/2024\/04\/Cartell-Diada-de-lOstra-de-lAmpolla-2024-scaled.jpg","datePublished":"2024-04-18T14:29:25+00:00","dateModified":"2024-04-22T14:43:43+00:00","breadcrumb":{"@id":"https:\/\/ebrexperience.cat\/es\/events\/diada-de-lostra-del-delta\/#breadcrumb"},"inLanguage":"es","potentialAction":[{"@type":"ReadAction","target":["https:\/\/ebrexperience.cat\/es\/events\/diada-de-lostra-del-delta\/"]}]},{"@type":"ImageObject","inLanguage":"es","@id":"https:\/\/ebrexperience.cat\/es\/events\/diada-de-lostra-del-delta\/#primaryimage","url":"https:\/\/ebrexperience.cat\/wp-content\/uploads\/2024\/04\/Cartell-Diada-de-lOstra-de-lAmpolla-2024-scaled.jpg","contentUrl":"https:\/\/ebrexperience.cat\/wp-content\/uploads\/2024\/04\/Cartell-Diada-de-lOstra-de-lAmpolla-2024-scaled.jpg","width":1810,"height":2560,"caption":"Diada de l'Ostra de l'Ampolla 2024"},{"@type":"BreadcrumbList","@id":"https:\/\/ebrexperience.cat\/es\/events\/diada-de-lostra-del-delta\/#breadcrumb","itemListElement":[{"@type":"ListItem","position":1,"name":"Portada","item":"https:\/\/ebrexperience.cat\/es\/"},{"@type":"ListItem","position":2,"name":"Events","item":"https:\/\/ebrexperience.cat\/events\/"},{"@type":"ListItem","position":3,"name":"Diada de l&#8217;Ostra del Delta"}]},{"@type":"WebSite","@id":"https:\/\/ebrexperience.cat\/#website","url":"https:\/\/ebrexperience.cat\/","name":"Ebrexperience","description":"","publisher":{"@id":"https:\/\/ebrexperience.cat\/#organization"},"potentialAction":[{"@type":"SearchAction","target":{"@type":"EntryPoint","urlTemplate":"https:\/\/ebrexperience.cat\/?s={search_term_string}"},"query-input":{"@type":"PropertyValueSpecification","valueRequired":true,"valueName":"search_term_string"}}],"inLanguage":"es"},{"@type":"Organization","@id":"https:\/\/ebrexperience.cat\/#organization","name":"Ebrexperience","url":"https:\/\/ebrexperience.cat\/","logo":{"@type":"ImageObject","inLanguage":"es","@id":"https:\/\/ebrexperience.cat\/#\/schema\/logo\/image\/","url":"https:\/\/ebrexperience.cat\/wp-content\/uploads\/2023\/03\/logo.png","contentUrl":"https:\/\/ebrexperience.cat\/wp-content\/uploads\/2023\/03\/logo.png","width":252,"height":45,"caption":"Ebrexperience"},"image":{"@id":"https:\/\/ebrexperience.cat\/#\/schema\/logo\/image\/"},"sameAs":["https:\/\/www.facebook.com\/EbreXperience\/","https:\/\/x.com\/ebrexperience","https:\/\/www.instagram.com\/ebrexperience\/"]}]}},"_links":{"self":[{"href":"https:\/\/ebrexperience.cat\/es\/wp-json\/wp\/v2\/ajde_events\/21582","targetHints":{"allow":["GET"]}}],"collection":[{"href":"https:\/\/ebrexperience.cat\/es\/wp-json\/wp\/v2\/ajde_events"}],"about":[{"href":"https:\/\/ebrexperience.cat\/es\/wp-json\/wp\/v2\/types\/ajde_events"}],"author":[{"embeddable":true,"href":"https:\/\/ebrexperience.cat\/es\/wp-json\/wp\/v2\/users\/96"}],"replies":[{"embeddable":true,"href":"https:\/\/ebrexperience.cat\/es\/wp-json\/wp\/v2\/comments?post=21582"}],"wp:featuredmedia":[{"embeddable":true,"href":"https:\/\/ebrexperience.cat\/es\/wp-json\/wp\/v2\/media\/21561"}],"wp:attachment":[{"href":"https:\/\/ebrexperience.cat\/es\/wp-json\/wp\/v2\/media?parent=21582"}],"wp:term":[{"taxonomy":"post_tag","embeddable":true,"href":"https:\/\/ebrexperience.cat\/es\/wp-json\/wp\/v2\/tags?post=21582"},{"taxonomy":"event_type","embeddable":true,"href":"https:\/\/ebrexperience.cat\/es\/wp-json\/wp\/v2\/event_type?post=21582"},{"taxonomy":"event_type_2","embeddable":true,"href":"https:\/\/ebrexperience.cat\/es\/wp-json\/wp\/v2\/event_type_2?post=21582"},{"taxonomy":"event_type_3","embeddable":true,"href":"https:\/\/ebrexperience.cat\/es\/wp-json\/wp\/v2\/event_type_3?post=21582"}],"curies":[{"name":"wp","href":"https:\/\/api.w.org\/{rel}","templated":true}]}}