{"id":21329,"date":"2024-03-21T17:04:27","date_gmt":"2024-03-21T16:04:27","guid":{"rendered":"https:\/\/ebrexperience.cat\/events\/actividades-y-talleres-de-pascua-2\/"},"modified":"2024-03-22T13:11:28","modified_gmt":"2024-03-22T12:11:28","slug":"actividades-y-talleres-de-pascua-2","status":"publish","type":"ajde_events","link":"https:\/\/ebrexperience.cat\/es\/events\/actividades-y-talleres-de-pascua-2\/","title":{"rendered":"Actividades y Talleres de Pascua"},"content":{"rendered":"\n<p>El Sal\u00f3n de Pascua de Amposta tendr\u00e1 tres d\u00edas de actividades pensadas para los m\u00e1s peque\u00f1os de casa<\/p>\n\n<p>Actividades y Talleres de Pascua en Amposta del lunes 25 de marzo por la tarde hasta el mi\u00e9rcoles 27, el pabell\u00f3n 3, conocido popularmente como el de las pistas azules, se transformar\u00e1 en el Sal\u00f3n de Pascua. Vuelve, El Sal\u00f3n de Pascua de Amposta por treinta y cuatro a\u00f1os, esta cita l\u00fadica dirigida a los ni\u00f1os y adolescentes de la ciudad. Lo har\u00e1 con cuatro zonas diferenciadas: una zona infantil con arenal, biblioteca y actividades para beb\u00e9s; una zona de talleres, una zona deportiva y una zona de hinchables.&#13;\n<a href=\"https:\/\/ebrexperience.cat\/es\/events\/actividades-y-talleres-de-pascua-2\/\" target=\"_blank\" rel=\"noopener\">M\u00e1s informaci\u00f3n<\/a>&#13;\nOtras actividades<\/p>\n","protected":false},"author":96,"featured_media":21292,"menu_order":0,"comment_status":"closed","ping_status":"closed","template":"","meta":{"_acf_changed":false},"tags":[],"event_type":[294],"event_type_2":[],"event_type_3":[],"class_list":["post-21329","ajde_events","type-ajde_events","status-publish","has-post-thumbnail","hentry","event_type-amposta-es"],"acf":[],"yoast_head":"<!-- This site is optimized with the Yoast SEO plugin v27.5 - https:\/\/yoast.com\/product\/yoast-seo-wordpress\/ -->\n<title>Actividades y Talleres de Pascua - Ebrexperience<\/title>\n<meta name=\"robots\" content=\"index, follow, max-snippet:-1, max-image-preview:large, max-video-preview:-1\" \/>\n<link rel=\"canonical\" href=\"https:\/\/ebrexperience.cat\/es\/events\/actividades-y-talleres-de-pascua-2\/\" \/>\n<meta property=\"og:locale\" content=\"es_ES\" \/>\n<meta property=\"og:type\" content=\"article\" \/>\n<meta property=\"og:title\" content=\"Actividades y Talleres de Pascua - Ebrexperience\" \/>\n<meta property=\"og:description\" content=\"El Sal\u00f3n de Pascua de Amposta tendr\u00e1 tres d\u00edas de actividades pensadas para los m\u00e1s peque\u00f1os de casa Actividades y Talleres de Pascua en Amposta del lunes 25 de marzo por la tarde hasta el mi\u00e9rcoles 27, el pabell\u00f3n 3, conocido popularmente como el de las pistas azules, se transformar\u00e1 en el Sal\u00f3n de Pascua. &hellip;\" \/>\n<meta property=\"og:url\" content=\"https:\/\/ebrexperience.cat\/es\/events\/actividades-y-talleres-de-pascua-2\/\" \/>\n<meta property=\"og:site_name\" content=\"Ebrexperience\" \/>\n<meta property=\"article:publisher\" content=\"https:\/\/www.facebook.com\/EbreXperience\/\" \/>\n<meta property=\"article:modified_time\" content=\"2024-03-22T12:11:28+00:00\" \/>\n<meta property=\"og:image\" content=\"https:\/\/ebrexperience.cat\/wp-content\/uploads\/2024\/03\/1080x1350-intagram-petita-2024-03-19.jpg\" \/>\n\t<meta property=\"og:image:width\" content=\"960\" \/>\n\t<meta property=\"og:image:height\" content=\"1200\" \/>\n\t<meta property=\"og:image:type\" content=\"image\/jpeg\" \/>\n<meta name=\"twitter:card\" content=\"summary_large_image\" \/>\n<meta name=\"twitter:site\" content=\"@ebrexperience\" \/>\n<meta name=\"twitter:label1\" content=\"Tiempo de lectura\" \/>\n\t<meta name=\"twitter:data1\" content=\"1 minuto\" \/>\n<script type=\"application\/ld+json\" class=\"yoast-schema-graph\">{\"@context\":\"https:\\\/\\\/schema.org\",\"@graph\":[{\"@type\":\"WebPage\",\"@id\":\"https:\\\/\\\/ebrexperience.cat\\\/es\\\/events\\\/actividades-y-talleres-de-pascua-2\\\/\",\"url\":\"https:\\\/\\\/ebrexperience.cat\\\/es\\\/events\\\/actividades-y-talleres-de-pascua-2\\\/\",\"name\":\"Actividades y Talleres de Pascua - Ebrexperience\",\"isPartOf\":{\"@id\":\"https:\\\/\\\/ebrexperience.cat\\\/#website\"},\"primaryImageOfPage\":{\"@id\":\"https:\\\/\\\/ebrexperience.cat\\\/es\\\/events\\\/actividades-y-talleres-de-pascua-2\\\/#primaryimage\"},\"image\":{\"@id\":\"https:\\\/\\\/ebrexperience.cat\\\/es\\\/events\\\/actividades-y-talleres-de-pascua-2\\\/#primaryimage\"},\"thumbnailUrl\":\"https:\\\/\\\/ebrexperience.cat\\\/wp-content\\\/uploads\\\/2024\\\/03\\\/1080x1350-intagram-petita-2024-03-19.jpg\",\"datePublished\":\"2024-03-21T16:04:27+00:00\",\"dateModified\":\"2024-03-22T12:11:28+00:00\",\"breadcrumb\":{\"@id\":\"https:\\\/\\\/ebrexperience.cat\\\/es\\\/events\\\/actividades-y-talleres-de-pascua-2\\\/#breadcrumb\"},\"inLanguage\":\"es\",\"potentialAction\":[{\"@type\":\"ReadAction\",\"target\":[\"https:\\\/\\\/ebrexperience.cat\\\/es\\\/events\\\/actividades-y-talleres-de-pascua-2\\\/\"]}]},{\"@type\":\"ImageObject\",\"inLanguage\":\"es\",\"@id\":\"https:\\\/\\\/ebrexperience.cat\\\/es\\\/events\\\/actividades-y-talleres-de-pascua-2\\\/#primaryimage\",\"url\":\"https:\\\/\\\/ebrexperience.cat\\\/wp-content\\\/uploads\\\/2024\\\/03\\\/1080x1350-intagram-petita-2024-03-19.jpg\",\"contentUrl\":\"https:\\\/\\\/ebrexperience.cat\\\/wp-content\\\/uploads\\\/2024\\\/03\\\/1080x1350-intagram-petita-2024-03-19.jpg\",\"width\":960,\"height\":1200,\"caption\":\"taller pasqua amposta\"},{\"@type\":\"BreadcrumbList\",\"@id\":\"https:\\\/\\\/ebrexperience.cat\\\/es\\\/events\\\/actividades-y-talleres-de-pascua-2\\\/#breadcrumb\",\"itemListElement\":[{\"@type\":\"ListItem\",\"position\":1,\"name\":\"Portada\",\"item\":\"https:\\\/\\\/ebrexperience.cat\\\/es\\\/\"},{\"@type\":\"ListItem\",\"position\":2,\"name\":\"Events\",\"item\":\"https:\\\/\\\/ebrexperience.cat\\\/events\\\/\"},{\"@type\":\"ListItem\",\"position\":3,\"name\":\"Actividades y Talleres de Pascua\"}]},{\"@type\":\"WebSite\",\"@id\":\"https:\\\/\\\/ebrexperience.cat\\\/#website\",\"url\":\"https:\\\/\\\/ebrexperience.cat\\\/\",\"name\":\"Ebrexperience\",\"description\":\"\",\"publisher\":{\"@id\":\"https:\\\/\\\/ebrexperience.cat\\\/#organization\"},\"potentialAction\":[{\"@type\":\"SearchAction\",\"target\":{\"@type\":\"EntryPoint\",\"urlTemplate\":\"https:\\\/\\\/ebrexperience.cat\\\/?s={search_term_string}\"},\"query-input\":{\"@type\":\"PropertyValueSpecification\",\"valueRequired\":true,\"valueName\":\"search_term_string\"}}],\"inLanguage\":\"es\"},{\"@type\":\"Organization\",\"@id\":\"https:\\\/\\\/ebrexperience.cat\\\/#organization\",\"name\":\"Ebrexperience\",\"url\":\"https:\\\/\\\/ebrexperience.cat\\\/\",\"logo\":{\"@type\":\"ImageObject\",\"inLanguage\":\"es\",\"@id\":\"https:\\\/\\\/ebrexperience.cat\\\/#\\\/schema\\\/logo\\\/image\\\/\",\"url\":\"https:\\\/\\\/ebrexperience.cat\\\/wp-content\\\/uploads\\\/2023\\\/03\\\/logo.png\",\"contentUrl\":\"https:\\\/\\\/ebrexperience.cat\\\/wp-content\\\/uploads\\\/2023\\\/03\\\/logo.png\",\"width\":252,\"height\":45,\"caption\":\"Ebrexperience\"},\"image\":{\"@id\":\"https:\\\/\\\/ebrexperience.cat\\\/#\\\/schema\\\/logo\\\/image\\\/\"},\"sameAs\":[\"https:\\\/\\\/www.facebook.com\\\/EbreXperience\\\/\",\"https:\\\/\\\/x.com\\\/ebrexperience\",\"https:\\\/\\\/www.instagram.com\\\/ebrexperience\\\/\"]}]}<\/script>\n<!-- \/ Yoast SEO plugin. -->","yoast_head_json":{"title":"Actividades y Talleres de Pascua - Ebrexperience","robots":{"index":"index","follow":"follow","max-snippet":"max-snippet:-1","max-image-preview":"max-image-preview:large","max-video-preview":"max-video-preview:-1"},"canonical":"https:\/\/ebrexperience.cat\/es\/events\/actividades-y-talleres-de-pascua-2\/","og_locale":"es_ES","og_type":"article","og_title":"Actividades y Talleres de Pascua - Ebrexperience","og_description":"El Sal\u00f3n de Pascua de Amposta tendr\u00e1 tres d\u00edas de actividades pensadas para los m\u00e1s peque\u00f1os de casa Actividades y Talleres de Pascua en Amposta del lunes 25 de marzo por la tarde hasta el mi\u00e9rcoles 27, el pabell\u00f3n 3, conocido popularmente como el de las pistas azules, se transformar\u00e1 en el Sal\u00f3n de Pascua. &hellip;","og_url":"https:\/\/ebrexperience.cat\/es\/events\/actividades-y-talleres-de-pascua-2\/","og_site_name":"Ebrexperience","article_publisher":"https:\/\/www.facebook.com\/EbreXperience\/","article_modified_time":"2024-03-22T12:11:28+00:00","og_image":[{"width":960,"height":1200,"url":"https:\/\/ebrexperience.cat\/wp-content\/uploads\/2024\/03\/1080x1350-intagram-petita-2024-03-19.jpg","type":"image\/jpeg"}],"twitter_card":"summary_large_image","twitter_site":"@ebrexperience","twitter_misc":{"Tiempo de lectura":"1 minuto"},"schema":{"@context":"https:\/\/schema.org","@graph":[{"@type":"WebPage","@id":"https:\/\/ebrexperience.cat\/es\/events\/actividades-y-talleres-de-pascua-2\/","url":"https:\/\/ebrexperience.cat\/es\/events\/actividades-y-talleres-de-pascua-2\/","name":"Actividades y Talleres de Pascua - Ebrexperience","isPartOf":{"@id":"https:\/\/ebrexperience.cat\/#website"},"primaryImageOfPage":{"@id":"https:\/\/ebrexperience.cat\/es\/events\/actividades-y-talleres-de-pascua-2\/#primaryimage"},"image":{"@id":"https:\/\/ebrexperience.cat\/es\/events\/actividades-y-talleres-de-pascua-2\/#primaryimage"},"thumbnailUrl":"https:\/\/ebrexperience.cat\/wp-content\/uploads\/2024\/03\/1080x1350-intagram-petita-2024-03-19.jpg","datePublished":"2024-03-21T16:04:27+00:00","dateModified":"2024-03-22T12:11:28+00:00","breadcrumb":{"@id":"https:\/\/ebrexperience.cat\/es\/events\/actividades-y-talleres-de-pascua-2\/#breadcrumb"},"inLanguage":"es","potentialAction":[{"@type":"ReadAction","target":["https:\/\/ebrexperience.cat\/es\/events\/actividades-y-talleres-de-pascua-2\/"]}]},{"@type":"ImageObject","inLanguage":"es","@id":"https:\/\/ebrexperience.cat\/es\/events\/actividades-y-talleres-de-pascua-2\/#primaryimage","url":"https:\/\/ebrexperience.cat\/wp-content\/uploads\/2024\/03\/1080x1350-intagram-petita-2024-03-19.jpg","contentUrl":"https:\/\/ebrexperience.cat\/wp-content\/uploads\/2024\/03\/1080x1350-intagram-petita-2024-03-19.jpg","width":960,"height":1200,"caption":"taller pasqua amposta"},{"@type":"BreadcrumbList","@id":"https:\/\/ebrexperience.cat\/es\/events\/actividades-y-talleres-de-pascua-2\/#breadcrumb","itemListElement":[{"@type":"ListItem","position":1,"name":"Portada","item":"https:\/\/ebrexperience.cat\/es\/"},{"@type":"ListItem","position":2,"name":"Events","item":"https:\/\/ebrexperience.cat\/events\/"},{"@type":"ListItem","position":3,"name":"Actividades y Talleres de Pascua"}]},{"@type":"WebSite","@id":"https:\/\/ebrexperience.cat\/#website","url":"https:\/\/ebrexperience.cat\/","name":"Ebrexperience","description":"","publisher":{"@id":"https:\/\/ebrexperience.cat\/#organization"},"potentialAction":[{"@type":"SearchAction","target":{"@type":"EntryPoint","urlTemplate":"https:\/\/ebrexperience.cat\/?s={search_term_string}"},"query-input":{"@type":"PropertyValueSpecification","valueRequired":true,"valueName":"search_term_string"}}],"inLanguage":"es"},{"@type":"Organization","@id":"https:\/\/ebrexperience.cat\/#organization","name":"Ebrexperience","url":"https:\/\/ebrexperience.cat\/","logo":{"@type":"ImageObject","inLanguage":"es","@id":"https:\/\/ebrexperience.cat\/#\/schema\/logo\/image\/","url":"https:\/\/ebrexperience.cat\/wp-content\/uploads\/2023\/03\/logo.png","contentUrl":"https:\/\/ebrexperience.cat\/wp-content\/uploads\/2023\/03\/logo.png","width":252,"height":45,"caption":"Ebrexperience"},"image":{"@id":"https:\/\/ebrexperience.cat\/#\/schema\/logo\/image\/"},"sameAs":["https:\/\/www.facebook.com\/EbreXperience\/","https:\/\/x.com\/ebrexperience","https:\/\/www.instagram.com\/ebrexperience\/"]}]}},"_links":{"self":[{"href":"https:\/\/ebrexperience.cat\/es\/wp-json\/wp\/v2\/ajde_events\/21329","targetHints":{"allow":["GET"]}}],"collection":[{"href":"https:\/\/ebrexperience.cat\/es\/wp-json\/wp\/v2\/ajde_events"}],"about":[{"href":"https:\/\/ebrexperience.cat\/es\/wp-json\/wp\/v2\/types\/ajde_events"}],"author":[{"embeddable":true,"href":"https:\/\/ebrexperience.cat\/es\/wp-json\/wp\/v2\/users\/96"}],"replies":[{"embeddable":true,"href":"https:\/\/ebrexperience.cat\/es\/wp-json\/wp\/v2\/comments?post=21329"}],"wp:featuredmedia":[{"embeddable":true,"href":"https:\/\/ebrexperience.cat\/es\/wp-json\/wp\/v2\/media\/21292"}],"wp:attachment":[{"href":"https:\/\/ebrexperience.cat\/es\/wp-json\/wp\/v2\/media?parent=21329"}],"wp:term":[{"taxonomy":"post_tag","embeddable":true,"href":"https:\/\/ebrexperience.cat\/es\/wp-json\/wp\/v2\/tags?post=21329"},{"taxonomy":"event_type","embeddable":true,"href":"https:\/\/ebrexperience.cat\/es\/wp-json\/wp\/v2\/event_type?post=21329"},{"taxonomy":"event_type_2","embeddable":true,"href":"https:\/\/ebrexperience.cat\/es\/wp-json\/wp\/v2\/event_type_2?post=21329"},{"taxonomy":"event_type_3","embeddable":true,"href":"https:\/\/ebrexperience.cat\/es\/wp-json\/wp\/v2\/event_type_3?post=21329"}],"curies":[{"name":"wp","href":"https:\/\/api.w.org\/{rel}","templated":true}]}}