{"id":21003,"date":"2024-02-13T16:47:42","date_gmt":"2024-02-13T15:47:42","guid":{"rendered":"https:\/\/ebrexperience.cat\/events\/mil%c2%b7lenaria-feria-del-aceite-y-el-esparrago\/"},"modified":"2024-03-05T16:32:23","modified_gmt":"2024-03-05T15:32:23","slug":"mil%c2%b7lenaria-feria-del-aceite-y-el-esparrago","status":"publish","type":"ajde_events","link":"https:\/\/ebrexperience.cat\/es\/events\/mil%c2%b7lenaria-feria-del-aceite-y-el-esparrago\/","title":{"rendered":"Mil\u00b7len\u00e0ria Feria del aceite y el esp\u00e1rrago"},"content":{"rendered":"\n<p><\/p>\n\n<p>La Feria del aceite y el esp\u00e1rrago de Godall, contin\u00faa su camino. Tras la buena aceptaci\u00f3n que tuvo el a\u00f1o pasado la nueva ubicaci\u00f3n de la Feria Milenaria por las calles de Godall, este a\u00f1o la organizaci\u00f3n ha decidido continuar con la l\u00ednea de proyecci\u00f3n y darle un nuevo empuj\u00f3n, con la voluntad de que la feria, a\u00f1o tras a\u00f1o sea un referente en nuestras tierras.&#13;\n&#13;\nEste a\u00f1o igual que el a\u00f1o pasado, aprovechando las obras de acceso al pueblo con la nueva plaza en la entrada, tendremos mucha m\u00e1s facilidad de circulaci\u00f3n y de acogida de visitantes.&#13;\n&#13;\nEn La Feria del aceite y el esp\u00e1rrago de Godall, aparte de las muchas novedades, habr\u00e1 concursos, demostraciones, gastronom\u00eda, visitas, degustaciones \u2026&#13;\n&#13;\nPuede ir siguiendo la actualidad y el programa de la Feria a trav\u00e9s de:\u00a0<a href=\"https:\/\/www.facebook.com\/MillenariadeGodall\/\" target=\"_blank\" rel=\"noopener\">Facebook\/MillenariadeGodall&#13;\n<\/a><a href=\"https:\/\/www.instagram.com\/millenariadegodall\/?hl=es\" target=\"_blank\" rel=\"noopener\">Instagram\/millenariadegodall<\/a><a href=\"https:\/\/www.facebook.com\/MillenariadeGodall\/\">,<\/a><a href=\"https:\/ \/www.millenaria.cat\/#\" target=\"_blank\" rel=\"noopener\">www.millenaria.cat<\/a><a href=\"https:\/\/www.facebook.com\/MillenariadeGodall\/\">,\u00a0 y\u00a0 <\/a><a href=\"http:\/\/www.godall.org\/\" target=\"_blank\" rel=\"noopener\">www .godall.org<\/a><a href=\"https:\/\/www.facebook.com\/MillenariadeGodall\/\">.&#13;\n&#13;\n<\/a><a href=\"http:\/\/ebrexperience.cat\/agenda\">M\u00e1s eventos<\/a><\/p>\n","protected":false},"author":96,"featured_media":20985,"menu_order":0,"comment_status":"closed","ping_status":"closed","template":"","meta":{"_acf_changed":false},"tags":[],"event_type":[506],"event_type_2":[],"event_type_3":[],"class_list":["post-21003","ajde_events","type-ajde_events","status-publish","has-post-thumbnail","hentry","event_type-godall-es"],"acf":[],"yoast_head":"<!-- This site is optimized with the Yoast SEO plugin v27.5 - https:\/\/yoast.com\/product\/yoast-seo-wordpress\/ -->\n<title>Mil\u00b7len\u00e0ria Feria del aceite y el esp\u00e1rrago - Ebrexperience<\/title>\n<meta name=\"robots\" content=\"index, follow, max-snippet:-1, max-image-preview:large, max-video-preview:-1\" \/>\n<link rel=\"canonical\" href=\"https:\/\/ebrexperience.cat\/es\/events\/mil\u00b7lenaria-feria-del-aceite-y-el-esparrago\/\" \/>\n<meta property=\"og:locale\" content=\"es_ES\" \/>\n<meta property=\"og:type\" content=\"article\" \/>\n<meta property=\"og:title\" content=\"Mil\u00b7len\u00e0ria Feria del aceite y el esp\u00e1rrago - Ebrexperience\" \/>\n<meta property=\"og:description\" content=\"La Feria del aceite y el esp\u00e1rrago de Godall, contin\u00faa su camino. Tras la buena aceptaci\u00f3n que tuvo el a\u00f1o pasado la nueva ubicaci\u00f3n de la Feria Milenaria por las calles de Godall, este a\u00f1o la organizaci\u00f3n ha decidido continuar con la l\u00ednea de proyecci\u00f3n y darle un nuevo empuj\u00f3n, con la voluntad de que &hellip;\" \/>\n<meta property=\"og:url\" content=\"https:\/\/ebrexperience.cat\/es\/events\/mil\u00b7lenaria-feria-del-aceite-y-el-esparrago\/\" \/>\n<meta property=\"og:site_name\" content=\"Ebrexperience\" \/>\n<meta property=\"article:publisher\" content=\"https:\/\/www.facebook.com\/EbreXperience\/\" \/>\n<meta property=\"article:modified_time\" content=\"2024-03-05T15:32:23+00:00\" \/>\n<meta property=\"og:image\" content=\"https:\/\/ebrexperience.cat\/wp-content\/uploads\/2024\/02\/milenaria.png\" \/>\n\t<meta property=\"og:image:width\" content=\"637\" \/>\n\t<meta property=\"og:image:height\" content=\"913\" \/>\n\t<meta property=\"og:image:type\" content=\"image\/png\" \/>\n<meta name=\"twitter:card\" content=\"summary_large_image\" \/>\n<meta name=\"twitter:site\" content=\"@ebrexperience\" \/>\n<meta name=\"twitter:label1\" content=\"Tiempo de lectura\" \/>\n\t<meta name=\"twitter:data1\" content=\"1 minuto\" \/>\n<script type=\"application\/ld+json\" class=\"yoast-schema-graph\">{\"@context\":\"https:\\\/\\\/schema.org\",\"@graph\":[{\"@type\":\"WebPage\",\"@id\":\"https:\\\/\\\/ebrexperience.cat\\\/es\\\/events\\\/mil%c2%b7lenaria-feria-del-aceite-y-el-esparrago\\\/\",\"url\":\"https:\\\/\\\/ebrexperience.cat\\\/es\\\/events\\\/mil%c2%b7lenaria-feria-del-aceite-y-el-esparrago\\\/\",\"name\":\"Mil\u00b7len\u00e0ria Feria del aceite y el esp\u00e1rrago - Ebrexperience\",\"isPartOf\":{\"@id\":\"https:\\\/\\\/ebrexperience.cat\\\/#website\"},\"primaryImageOfPage\":{\"@id\":\"https:\\\/\\\/ebrexperience.cat\\\/es\\\/events\\\/mil%c2%b7lenaria-feria-del-aceite-y-el-esparrago\\\/#primaryimage\"},\"image\":{\"@id\":\"https:\\\/\\\/ebrexperience.cat\\\/es\\\/events\\\/mil%c2%b7lenaria-feria-del-aceite-y-el-esparrago\\\/#primaryimage\"},\"thumbnailUrl\":\"https:\\\/\\\/ebrexperience.cat\\\/wp-content\\\/uploads\\\/2024\\\/02\\\/milenaria.png\",\"datePublished\":\"2024-02-13T15:47:42+00:00\",\"dateModified\":\"2024-03-05T15:32:23+00:00\",\"breadcrumb\":{\"@id\":\"https:\\\/\\\/ebrexperience.cat\\\/es\\\/events\\\/mil%c2%b7lenaria-feria-del-aceite-y-el-esparrago\\\/#breadcrumb\"},\"inLanguage\":\"es\",\"potentialAction\":[{\"@type\":\"ReadAction\",\"target\":[\"https:\\\/\\\/ebrexperience.cat\\\/es\\\/events\\\/mil%c2%b7lenaria-feria-del-aceite-y-el-esparrago\\\/\"]}]},{\"@type\":\"ImageObject\",\"inLanguage\":\"es\",\"@id\":\"https:\\\/\\\/ebrexperience.cat\\\/es\\\/events\\\/mil%c2%b7lenaria-feria-del-aceite-y-el-esparrago\\\/#primaryimage\",\"url\":\"https:\\\/\\\/ebrexperience.cat\\\/wp-content\\\/uploads\\\/2024\\\/02\\\/milenaria.png\",\"contentUrl\":\"https:\\\/\\\/ebrexperience.cat\\\/wp-content\\\/uploads\\\/2024\\\/02\\\/milenaria.png\",\"width\":637,\"height\":913,\"caption\":\"Mil\u00b7len\u00e0ria fira oli godall\"},{\"@type\":\"BreadcrumbList\",\"@id\":\"https:\\\/\\\/ebrexperience.cat\\\/es\\\/events\\\/mil%c2%b7lenaria-feria-del-aceite-y-el-esparrago\\\/#breadcrumb\",\"itemListElement\":[{\"@type\":\"ListItem\",\"position\":1,\"name\":\"Portada\",\"item\":\"https:\\\/\\\/ebrexperience.cat\\\/es\\\/\"},{\"@type\":\"ListItem\",\"position\":2,\"name\":\"Events\",\"item\":\"https:\\\/\\\/ebrexperience.cat\\\/events\\\/\"},{\"@type\":\"ListItem\",\"position\":3,\"name\":\"Mil\u00b7len\u00e0ria Feria del aceite y el esp\u00e1rrago\"}]},{\"@type\":\"WebSite\",\"@id\":\"https:\\\/\\\/ebrexperience.cat\\\/#website\",\"url\":\"https:\\\/\\\/ebrexperience.cat\\\/\",\"name\":\"Ebrexperience\",\"description\":\"\",\"publisher\":{\"@id\":\"https:\\\/\\\/ebrexperience.cat\\\/#organization\"},\"potentialAction\":[{\"@type\":\"SearchAction\",\"target\":{\"@type\":\"EntryPoint\",\"urlTemplate\":\"https:\\\/\\\/ebrexperience.cat\\\/?s={search_term_string}\"},\"query-input\":{\"@type\":\"PropertyValueSpecification\",\"valueRequired\":true,\"valueName\":\"search_term_string\"}}],\"inLanguage\":\"es\"},{\"@type\":\"Organization\",\"@id\":\"https:\\\/\\\/ebrexperience.cat\\\/#organization\",\"name\":\"Ebrexperience\",\"url\":\"https:\\\/\\\/ebrexperience.cat\\\/\",\"logo\":{\"@type\":\"ImageObject\",\"inLanguage\":\"es\",\"@id\":\"https:\\\/\\\/ebrexperience.cat\\\/#\\\/schema\\\/logo\\\/image\\\/\",\"url\":\"https:\\\/\\\/ebrexperience.cat\\\/wp-content\\\/uploads\\\/2023\\\/03\\\/logo.png\",\"contentUrl\":\"https:\\\/\\\/ebrexperience.cat\\\/wp-content\\\/uploads\\\/2023\\\/03\\\/logo.png\",\"width\":252,\"height\":45,\"caption\":\"Ebrexperience\"},\"image\":{\"@id\":\"https:\\\/\\\/ebrexperience.cat\\\/#\\\/schema\\\/logo\\\/image\\\/\"},\"sameAs\":[\"https:\\\/\\\/www.facebook.com\\\/EbreXperience\\\/\",\"https:\\\/\\\/x.com\\\/ebrexperience\",\"https:\\\/\\\/www.instagram.com\\\/ebrexperience\\\/\"]}]}<\/script>\n<!-- \/ Yoast SEO plugin. -->","yoast_head_json":{"title":"Mil\u00b7len\u00e0ria Feria del aceite y el esp\u00e1rrago - Ebrexperience","robots":{"index":"index","follow":"follow","max-snippet":"max-snippet:-1","max-image-preview":"max-image-preview:large","max-video-preview":"max-video-preview:-1"},"canonical":"https:\/\/ebrexperience.cat\/es\/events\/mil\u00b7lenaria-feria-del-aceite-y-el-esparrago\/","og_locale":"es_ES","og_type":"article","og_title":"Mil\u00b7len\u00e0ria Feria del aceite y el esp\u00e1rrago - Ebrexperience","og_description":"La Feria del aceite y el esp\u00e1rrago de Godall, contin\u00faa su camino. Tras la buena aceptaci\u00f3n que tuvo el a\u00f1o pasado la nueva ubicaci\u00f3n de la Feria Milenaria por las calles de Godall, este a\u00f1o la organizaci\u00f3n ha decidido continuar con la l\u00ednea de proyecci\u00f3n y darle un nuevo empuj\u00f3n, con la voluntad de que &hellip;","og_url":"https:\/\/ebrexperience.cat\/es\/events\/mil\u00b7lenaria-feria-del-aceite-y-el-esparrago\/","og_site_name":"Ebrexperience","article_publisher":"https:\/\/www.facebook.com\/EbreXperience\/","article_modified_time":"2024-03-05T15:32:23+00:00","og_image":[{"width":637,"height":913,"url":"https:\/\/ebrexperience.cat\/wp-content\/uploads\/2024\/02\/milenaria.png","type":"image\/png"}],"twitter_card":"summary_large_image","twitter_site":"@ebrexperience","twitter_misc":{"Tiempo de lectura":"1 minuto"},"schema":{"@context":"https:\/\/schema.org","@graph":[{"@type":"WebPage","@id":"https:\/\/ebrexperience.cat\/es\/events\/mil%c2%b7lenaria-feria-del-aceite-y-el-esparrago\/","url":"https:\/\/ebrexperience.cat\/es\/events\/mil%c2%b7lenaria-feria-del-aceite-y-el-esparrago\/","name":"Mil\u00b7len\u00e0ria Feria del aceite y el esp\u00e1rrago - Ebrexperience","isPartOf":{"@id":"https:\/\/ebrexperience.cat\/#website"},"primaryImageOfPage":{"@id":"https:\/\/ebrexperience.cat\/es\/events\/mil%c2%b7lenaria-feria-del-aceite-y-el-esparrago\/#primaryimage"},"image":{"@id":"https:\/\/ebrexperience.cat\/es\/events\/mil%c2%b7lenaria-feria-del-aceite-y-el-esparrago\/#primaryimage"},"thumbnailUrl":"https:\/\/ebrexperience.cat\/wp-content\/uploads\/2024\/02\/milenaria.png","datePublished":"2024-02-13T15:47:42+00:00","dateModified":"2024-03-05T15:32:23+00:00","breadcrumb":{"@id":"https:\/\/ebrexperience.cat\/es\/events\/mil%c2%b7lenaria-feria-del-aceite-y-el-esparrago\/#breadcrumb"},"inLanguage":"es","potentialAction":[{"@type":"ReadAction","target":["https:\/\/ebrexperience.cat\/es\/events\/mil%c2%b7lenaria-feria-del-aceite-y-el-esparrago\/"]}]},{"@type":"ImageObject","inLanguage":"es","@id":"https:\/\/ebrexperience.cat\/es\/events\/mil%c2%b7lenaria-feria-del-aceite-y-el-esparrago\/#primaryimage","url":"https:\/\/ebrexperience.cat\/wp-content\/uploads\/2024\/02\/milenaria.png","contentUrl":"https:\/\/ebrexperience.cat\/wp-content\/uploads\/2024\/02\/milenaria.png","width":637,"height":913,"caption":"Mil\u00b7len\u00e0ria fira oli godall"},{"@type":"BreadcrumbList","@id":"https:\/\/ebrexperience.cat\/es\/events\/mil%c2%b7lenaria-feria-del-aceite-y-el-esparrago\/#breadcrumb","itemListElement":[{"@type":"ListItem","position":1,"name":"Portada","item":"https:\/\/ebrexperience.cat\/es\/"},{"@type":"ListItem","position":2,"name":"Events","item":"https:\/\/ebrexperience.cat\/events\/"},{"@type":"ListItem","position":3,"name":"Mil\u00b7len\u00e0ria Feria del aceite y el esp\u00e1rrago"}]},{"@type":"WebSite","@id":"https:\/\/ebrexperience.cat\/#website","url":"https:\/\/ebrexperience.cat\/","name":"Ebrexperience","description":"","publisher":{"@id":"https:\/\/ebrexperience.cat\/#organization"},"potentialAction":[{"@type":"SearchAction","target":{"@type":"EntryPoint","urlTemplate":"https:\/\/ebrexperience.cat\/?s={search_term_string}"},"query-input":{"@type":"PropertyValueSpecification","valueRequired":true,"valueName":"search_term_string"}}],"inLanguage":"es"},{"@type":"Organization","@id":"https:\/\/ebrexperience.cat\/#organization","name":"Ebrexperience","url":"https:\/\/ebrexperience.cat\/","logo":{"@type":"ImageObject","inLanguage":"es","@id":"https:\/\/ebrexperience.cat\/#\/schema\/logo\/image\/","url":"https:\/\/ebrexperience.cat\/wp-content\/uploads\/2023\/03\/logo.png","contentUrl":"https:\/\/ebrexperience.cat\/wp-content\/uploads\/2023\/03\/logo.png","width":252,"height":45,"caption":"Ebrexperience"},"image":{"@id":"https:\/\/ebrexperience.cat\/#\/schema\/logo\/image\/"},"sameAs":["https:\/\/www.facebook.com\/EbreXperience\/","https:\/\/x.com\/ebrexperience","https:\/\/www.instagram.com\/ebrexperience\/"]}]}},"_links":{"self":[{"href":"https:\/\/ebrexperience.cat\/es\/wp-json\/wp\/v2\/ajde_events\/21003","targetHints":{"allow":["GET"]}}],"collection":[{"href":"https:\/\/ebrexperience.cat\/es\/wp-json\/wp\/v2\/ajde_events"}],"about":[{"href":"https:\/\/ebrexperience.cat\/es\/wp-json\/wp\/v2\/types\/ajde_events"}],"author":[{"embeddable":true,"href":"https:\/\/ebrexperience.cat\/es\/wp-json\/wp\/v2\/users\/96"}],"replies":[{"embeddable":true,"href":"https:\/\/ebrexperience.cat\/es\/wp-json\/wp\/v2\/comments?post=21003"}],"wp:featuredmedia":[{"embeddable":true,"href":"https:\/\/ebrexperience.cat\/es\/wp-json\/wp\/v2\/media\/20985"}],"wp:attachment":[{"href":"https:\/\/ebrexperience.cat\/es\/wp-json\/wp\/v2\/media?parent=21003"}],"wp:term":[{"taxonomy":"post_tag","embeddable":true,"href":"https:\/\/ebrexperience.cat\/es\/wp-json\/wp\/v2\/tags?post=21003"},{"taxonomy":"event_type","embeddable":true,"href":"https:\/\/ebrexperience.cat\/es\/wp-json\/wp\/v2\/event_type?post=21003"},{"taxonomy":"event_type_2","embeddable":true,"href":"https:\/\/ebrexperience.cat\/es\/wp-json\/wp\/v2\/event_type_2?post=21003"},{"taxonomy":"event_type_3","embeddable":true,"href":"https:\/\/ebrexperience.cat\/es\/wp-json\/wp\/v2\/event_type_3?post=21003"}],"curies":[{"name":"wp","href":"https:\/\/api.w.org\/{rel}","templated":true}]}}