{"id":20420,"date":"2023-11-27T17:04:59","date_gmt":"2023-11-27T16:04:59","guid":{"rendered":"https:\/\/ebrexperience.cat\/events\/11a-feria-de-navidad-de-tivissa\/"},"modified":"2023-11-27T17:17:16","modified_gmt":"2023-11-27T16:17:16","slug":"11a-feria-de-navidad-de-tivissa","status":"publish","type":"ajde_events","link":"https:\/\/ebrexperience.cat\/es\/events\/11a-feria-de-navidad-de-tivissa\/","title":{"rendered":"11a Feria de Navidad de Tivissa"},"content":{"rendered":"<div class=\"wp-block-image\">\n<figure class=\"alignright\"><a href=\"https:\/\/www.tivissa.cat\/wp-content\/uploads\/Cartell-Fira-Nadal-Tivissa-2023-08.png\"><img decoding=\"async\" src=\"https:\/\/www.tivissa.cat\/wp-content\/uploads\/Cartell-Fira-Nadal-Tivissa-2023-08.png\" alt=\"\" class=\"wp-image-20701\"\/><\/a><\/figure>\n<\/div>\n<p>Feria de Navidad Tivissa: El casco antiguo acoger\u00e1 los d\u00edas 8 y 9 de diciembre la und\u00e9cima edici\u00f3n.<\/p>\n\n<p>El casco antiguo acoger\u00e1 los d\u00edas 8 y 9 de diciembre la und\u00e9cima edici\u00f3n de la Feria de Navidad de Tivissa de 10.00 ha 14.00 hy de 16.00 ha 21.00 h, organizada por el Ayuntamiento de Tivissa y la Comisi\u00f3n de la Feria. En esta edici\u00f3n, el encargado de inaugurar la feria ser\u00e1 el alcalde de Falset y presidente del Patronato de Turismo de la Diputaci\u00f3n de Tarragona, Carlos Brull.<\/p>\n\n<p>Este evento anual promete ofrecer una experiencia m\u00e1gica para toda la familia. Sin duda, se ha convertido en un referente en la provincia, acogiendo a visitantes y expositores de todo el territorio.<\/p>\n\n<p>Feria de referencia con m\u00e1s de 100 expositores<\/p>\n\n<p>Las calles, callejones y plazas del casco antiguo se llenar\u00e1n de m\u00e1s de 100 expositores y un gran n\u00famero de animaciones musicales y culturales. As\u00ed pues, la Feria de Navidad de Tivissa ser\u00e1 un lugar de encuentro previo a las fiestas navide\u00f1as. Se podr\u00e1n encontrar desde puestos de productos artesanos, km.0, degustaciones de vino, actuaciones, hasta un repertorio de actividades para los m\u00e1s peque\u00f1os como el Tronco de Navidad y el Bosque Encantado, entre otros. \u00a1Diversi\u00f3n asegurada para todos!<\/p>\n\n<p>La feria brillar\u00e1 con actuaciones en vivo con talento del territorio y espect\u00e1culos especiales realizados a medida para este evento. La Feria de Navidad de Tivissa ser\u00e1 un escenario de entretenimiento continuo donde la m\u00fasica, el baile y otras formas de arte har\u00e1n que esta fiesta sea inolvidable.<\/p>\n\n<p>La feria brillar\u00e1 con actuaciones en vivo con talento del territorio y espect\u00e1culos especiales realizados a medida para este evento. La Feria de Navidad de Tivissa ser\u00e1 un escenario de entretenimiento continuo donde la m\u00fasica, el baile y otras formas de arte har\u00e1n que esta fiesta sea inolvidable<\/p>\n\n<p>Se encuentran varias exposiciones; una muestra de dioramas, la ExpoVespa, de pintura, del III Congreso de los Iberos y de Historia de Tivissa. Adem\u00e1s de talleres y demostraciones que completar\u00e1n la programaci\u00f3n de esta und\u00e9cima edici\u00f3n de la Feria de Navidad tivissana.<\/p>\n\n<p>Con el esp\u00edritu navide\u00f1o como tel\u00f3n de fondo, esta celebraci\u00f3n ya consolidada en el territorio promete ser una experiencia \u00fanica, tanto para los vecinos como para los visitantes.<\/p>\n\n<p>Tivissa te anima a disfrutar de la Fira ya adentrarte en el esp\u00edritu navide\u00f1o que har\u00e1 que esta visita sea inigualable y te deje a todos cautivados.&#13;\n&#13;\nOtros eventos por estas fechas.<\/p>\n","protected":false},"author":96,"featured_media":20419,"menu_order":0,"comment_status":"closed","ping_status":"closed","template":"","meta":{"_acf_changed":false},"tags":[],"event_type":[334],"event_type_2":[],"event_type_3":[],"class_list":["post-20420","ajde_events","type-ajde_events","status-publish","has-post-thumbnail","hentry","event_type-tivissa-es"],"acf":[],"yoast_head":"<!-- This site is optimized with the Yoast SEO plugin v27.5 - https:\/\/yoast.com\/product\/yoast-seo-wordpress\/ -->\n<title>11a Feria de Navidad de Tivissa - Ebrexperience<\/title>\n<meta name=\"robots\" content=\"index, follow, max-snippet:-1, max-image-preview:large, max-video-preview:-1\" \/>\n<link rel=\"canonical\" href=\"https:\/\/ebrexperience.cat\/es\/events\/11a-feria-de-navidad-de-tivissa\/\" \/>\n<meta property=\"og:locale\" content=\"es_ES\" \/>\n<meta property=\"og:type\" content=\"article\" \/>\n<meta property=\"og:title\" content=\"11a Feria de Navidad de Tivissa - Ebrexperience\" \/>\n<meta property=\"og:description\" content=\"Feria de Navidad Tivissa: El casco antiguo acoger\u00e1 los d\u00edas 8 y 9 de diciembre la und\u00e9cima edici\u00f3n. El casco antiguo acoger\u00e1 los d\u00edas 8 y 9 de diciembre la und\u00e9cima edici\u00f3n de la Feria de Navidad de Tivissa de 10.00 ha 14.00 hy de 16.00 ha 21.00 h, organizada por el Ayuntamiento de Tivissa &hellip;\" \/>\n<meta property=\"og:url\" content=\"https:\/\/ebrexperience.cat\/es\/events\/11a-feria-de-navidad-de-tivissa\/\" \/>\n<meta property=\"og:site_name\" content=\"Ebrexperience\" \/>\n<meta property=\"article:publisher\" content=\"https:\/\/www.facebook.com\/EbreXperience\/\" \/>\n<meta property=\"article:modified_time\" content=\"2023-11-27T16:17:16+00:00\" \/>\n<meta property=\"og:image\" content=\"https:\/\/ebrexperience.cat\/wp-content\/uploads\/2023\/11\/Cartell-Fira-Nadal-Tivissa-2023-08.png\" \/>\n\t<meta property=\"og:image:width\" content=\"3555\" \/>\n\t<meta property=\"og:image:height\" content=\"5112\" \/>\n\t<meta property=\"og:image:type\" content=\"image\/png\" \/>\n<meta name=\"twitter:card\" content=\"summary_large_image\" \/>\n<meta name=\"twitter:site\" content=\"@ebrexperience\" \/>\n<meta name=\"twitter:label1\" content=\"Tiempo de lectura\" \/>\n\t<meta name=\"twitter:data1\" content=\"2 minutos\" \/>\n<script type=\"application\/ld+json\" class=\"yoast-schema-graph\">{\"@context\":\"https:\\\/\\\/schema.org\",\"@graph\":[{\"@type\":\"WebPage\",\"@id\":\"https:\\\/\\\/ebrexperience.cat\\\/es\\\/events\\\/11a-feria-de-navidad-de-tivissa\\\/\",\"url\":\"https:\\\/\\\/ebrexperience.cat\\\/es\\\/events\\\/11a-feria-de-navidad-de-tivissa\\\/\",\"name\":\"11a Feria de Navidad de Tivissa - Ebrexperience\",\"isPartOf\":{\"@id\":\"https:\\\/\\\/ebrexperience.cat\\\/#website\"},\"primaryImageOfPage\":{\"@id\":\"https:\\\/\\\/ebrexperience.cat\\\/es\\\/events\\\/11a-feria-de-navidad-de-tivissa\\\/#primaryimage\"},\"image\":{\"@id\":\"https:\\\/\\\/ebrexperience.cat\\\/es\\\/events\\\/11a-feria-de-navidad-de-tivissa\\\/#primaryimage\"},\"thumbnailUrl\":\"https:\\\/\\\/ebrexperience.cat\\\/wp-content\\\/uploads\\\/2023\\\/11\\\/Cartell-Fira-Nadal-Tivissa-2023-08.png\",\"datePublished\":\"2023-11-27T16:04:59+00:00\",\"dateModified\":\"2023-11-27T16:17:16+00:00\",\"breadcrumb\":{\"@id\":\"https:\\\/\\\/ebrexperience.cat\\\/es\\\/events\\\/11a-feria-de-navidad-de-tivissa\\\/#breadcrumb\"},\"inLanguage\":\"es\",\"potentialAction\":[{\"@type\":\"ReadAction\",\"target\":[\"https:\\\/\\\/ebrexperience.cat\\\/es\\\/events\\\/11a-feria-de-navidad-de-tivissa\\\/\"]}]},{\"@type\":\"ImageObject\",\"inLanguage\":\"es\",\"@id\":\"https:\\\/\\\/ebrexperience.cat\\\/es\\\/events\\\/11a-feria-de-navidad-de-tivissa\\\/#primaryimage\",\"url\":\"https:\\\/\\\/ebrexperience.cat\\\/wp-content\\\/uploads\\\/2023\\\/11\\\/Cartell-Fira-Nadal-Tivissa-2023-08.png\",\"contentUrl\":\"https:\\\/\\\/ebrexperience.cat\\\/wp-content\\\/uploads\\\/2023\\\/11\\\/Cartell-Fira-Nadal-Tivissa-2023-08.png\",\"width\":3555,\"height\":5112,\"caption\":\"fira nadal tivissa\"},{\"@type\":\"BreadcrumbList\",\"@id\":\"https:\\\/\\\/ebrexperience.cat\\\/es\\\/events\\\/11a-feria-de-navidad-de-tivissa\\\/#breadcrumb\",\"itemListElement\":[{\"@type\":\"ListItem\",\"position\":1,\"name\":\"Portada\",\"item\":\"https:\\\/\\\/ebrexperience.cat\\\/es\\\/\"},{\"@type\":\"ListItem\",\"position\":2,\"name\":\"Events\",\"item\":\"https:\\\/\\\/ebrexperience.cat\\\/events\\\/\"},{\"@type\":\"ListItem\",\"position\":3,\"name\":\"11a Feria de Navidad de Tivissa\"}]},{\"@type\":\"WebSite\",\"@id\":\"https:\\\/\\\/ebrexperience.cat\\\/#website\",\"url\":\"https:\\\/\\\/ebrexperience.cat\\\/\",\"name\":\"Ebrexperience\",\"description\":\"\",\"publisher\":{\"@id\":\"https:\\\/\\\/ebrexperience.cat\\\/#organization\"},\"potentialAction\":[{\"@type\":\"SearchAction\",\"target\":{\"@type\":\"EntryPoint\",\"urlTemplate\":\"https:\\\/\\\/ebrexperience.cat\\\/?s={search_term_string}\"},\"query-input\":{\"@type\":\"PropertyValueSpecification\",\"valueRequired\":true,\"valueName\":\"search_term_string\"}}],\"inLanguage\":\"es\"},{\"@type\":\"Organization\",\"@id\":\"https:\\\/\\\/ebrexperience.cat\\\/#organization\",\"name\":\"Ebrexperience\",\"url\":\"https:\\\/\\\/ebrexperience.cat\\\/\",\"logo\":{\"@type\":\"ImageObject\",\"inLanguage\":\"es\",\"@id\":\"https:\\\/\\\/ebrexperience.cat\\\/#\\\/schema\\\/logo\\\/image\\\/\",\"url\":\"https:\\\/\\\/ebrexperience.cat\\\/wp-content\\\/uploads\\\/2023\\\/03\\\/logo.png\",\"contentUrl\":\"https:\\\/\\\/ebrexperience.cat\\\/wp-content\\\/uploads\\\/2023\\\/03\\\/logo.png\",\"width\":252,\"height\":45,\"caption\":\"Ebrexperience\"},\"image\":{\"@id\":\"https:\\\/\\\/ebrexperience.cat\\\/#\\\/schema\\\/logo\\\/image\\\/\"},\"sameAs\":[\"https:\\\/\\\/www.facebook.com\\\/EbreXperience\\\/\",\"https:\\\/\\\/x.com\\\/ebrexperience\",\"https:\\\/\\\/www.instagram.com\\\/ebrexperience\\\/\"]}]}<\/script>\n<!-- \/ Yoast SEO plugin. -->","yoast_head_json":{"title":"11a Feria de Navidad de Tivissa - Ebrexperience","robots":{"index":"index","follow":"follow","max-snippet":"max-snippet:-1","max-image-preview":"max-image-preview:large","max-video-preview":"max-video-preview:-1"},"canonical":"https:\/\/ebrexperience.cat\/es\/events\/11a-feria-de-navidad-de-tivissa\/","og_locale":"es_ES","og_type":"article","og_title":"11a Feria de Navidad de Tivissa - Ebrexperience","og_description":"Feria de Navidad Tivissa: El casco antiguo acoger\u00e1 los d\u00edas 8 y 9 de diciembre la und\u00e9cima edici\u00f3n. El casco antiguo acoger\u00e1 los d\u00edas 8 y 9 de diciembre la und\u00e9cima edici\u00f3n de la Feria de Navidad de Tivissa de 10.00 ha 14.00 hy de 16.00 ha 21.00 h, organizada por el Ayuntamiento de Tivissa &hellip;","og_url":"https:\/\/ebrexperience.cat\/es\/events\/11a-feria-de-navidad-de-tivissa\/","og_site_name":"Ebrexperience","article_publisher":"https:\/\/www.facebook.com\/EbreXperience\/","article_modified_time":"2023-11-27T16:17:16+00:00","og_image":[{"width":3555,"height":5112,"url":"https:\/\/ebrexperience.cat\/wp-content\/uploads\/2023\/11\/Cartell-Fira-Nadal-Tivissa-2023-08.png","type":"image\/png"}],"twitter_card":"summary_large_image","twitter_site":"@ebrexperience","twitter_misc":{"Tiempo de lectura":"2 minutos"},"schema":{"@context":"https:\/\/schema.org","@graph":[{"@type":"WebPage","@id":"https:\/\/ebrexperience.cat\/es\/events\/11a-feria-de-navidad-de-tivissa\/","url":"https:\/\/ebrexperience.cat\/es\/events\/11a-feria-de-navidad-de-tivissa\/","name":"11a Feria de Navidad de Tivissa - Ebrexperience","isPartOf":{"@id":"https:\/\/ebrexperience.cat\/#website"},"primaryImageOfPage":{"@id":"https:\/\/ebrexperience.cat\/es\/events\/11a-feria-de-navidad-de-tivissa\/#primaryimage"},"image":{"@id":"https:\/\/ebrexperience.cat\/es\/events\/11a-feria-de-navidad-de-tivissa\/#primaryimage"},"thumbnailUrl":"https:\/\/ebrexperience.cat\/wp-content\/uploads\/2023\/11\/Cartell-Fira-Nadal-Tivissa-2023-08.png","datePublished":"2023-11-27T16:04:59+00:00","dateModified":"2023-11-27T16:17:16+00:00","breadcrumb":{"@id":"https:\/\/ebrexperience.cat\/es\/events\/11a-feria-de-navidad-de-tivissa\/#breadcrumb"},"inLanguage":"es","potentialAction":[{"@type":"ReadAction","target":["https:\/\/ebrexperience.cat\/es\/events\/11a-feria-de-navidad-de-tivissa\/"]}]},{"@type":"ImageObject","inLanguage":"es","@id":"https:\/\/ebrexperience.cat\/es\/events\/11a-feria-de-navidad-de-tivissa\/#primaryimage","url":"https:\/\/ebrexperience.cat\/wp-content\/uploads\/2023\/11\/Cartell-Fira-Nadal-Tivissa-2023-08.png","contentUrl":"https:\/\/ebrexperience.cat\/wp-content\/uploads\/2023\/11\/Cartell-Fira-Nadal-Tivissa-2023-08.png","width":3555,"height":5112,"caption":"fira nadal tivissa"},{"@type":"BreadcrumbList","@id":"https:\/\/ebrexperience.cat\/es\/events\/11a-feria-de-navidad-de-tivissa\/#breadcrumb","itemListElement":[{"@type":"ListItem","position":1,"name":"Portada","item":"https:\/\/ebrexperience.cat\/es\/"},{"@type":"ListItem","position":2,"name":"Events","item":"https:\/\/ebrexperience.cat\/events\/"},{"@type":"ListItem","position":3,"name":"11a Feria de Navidad de Tivissa"}]},{"@type":"WebSite","@id":"https:\/\/ebrexperience.cat\/#website","url":"https:\/\/ebrexperience.cat\/","name":"Ebrexperience","description":"","publisher":{"@id":"https:\/\/ebrexperience.cat\/#organization"},"potentialAction":[{"@type":"SearchAction","target":{"@type":"EntryPoint","urlTemplate":"https:\/\/ebrexperience.cat\/?s={search_term_string}"},"query-input":{"@type":"PropertyValueSpecification","valueRequired":true,"valueName":"search_term_string"}}],"inLanguage":"es"},{"@type":"Organization","@id":"https:\/\/ebrexperience.cat\/#organization","name":"Ebrexperience","url":"https:\/\/ebrexperience.cat\/","logo":{"@type":"ImageObject","inLanguage":"es","@id":"https:\/\/ebrexperience.cat\/#\/schema\/logo\/image\/","url":"https:\/\/ebrexperience.cat\/wp-content\/uploads\/2023\/03\/logo.png","contentUrl":"https:\/\/ebrexperience.cat\/wp-content\/uploads\/2023\/03\/logo.png","width":252,"height":45,"caption":"Ebrexperience"},"image":{"@id":"https:\/\/ebrexperience.cat\/#\/schema\/logo\/image\/"},"sameAs":["https:\/\/www.facebook.com\/EbreXperience\/","https:\/\/x.com\/ebrexperience","https:\/\/www.instagram.com\/ebrexperience\/"]}]}},"_links":{"self":[{"href":"https:\/\/ebrexperience.cat\/es\/wp-json\/wp\/v2\/ajde_events\/20420","targetHints":{"allow":["GET"]}}],"collection":[{"href":"https:\/\/ebrexperience.cat\/es\/wp-json\/wp\/v2\/ajde_events"}],"about":[{"href":"https:\/\/ebrexperience.cat\/es\/wp-json\/wp\/v2\/types\/ajde_events"}],"author":[{"embeddable":true,"href":"https:\/\/ebrexperience.cat\/es\/wp-json\/wp\/v2\/users\/96"}],"replies":[{"embeddable":true,"href":"https:\/\/ebrexperience.cat\/es\/wp-json\/wp\/v2\/comments?post=20420"}],"wp:featuredmedia":[{"embeddable":true,"href":"https:\/\/ebrexperience.cat\/es\/wp-json\/wp\/v2\/media\/20419"}],"wp:attachment":[{"href":"https:\/\/ebrexperience.cat\/es\/wp-json\/wp\/v2\/media?parent=20420"}],"wp:term":[{"taxonomy":"post_tag","embeddable":true,"href":"https:\/\/ebrexperience.cat\/es\/wp-json\/wp\/v2\/tags?post=20420"},{"taxonomy":"event_type","embeddable":true,"href":"https:\/\/ebrexperience.cat\/es\/wp-json\/wp\/v2\/event_type?post=20420"},{"taxonomy":"event_type_2","embeddable":true,"href":"https:\/\/ebrexperience.cat\/es\/wp-json\/wp\/v2\/event_type_2?post=20420"},{"taxonomy":"event_type_3","embeddable":true,"href":"https:\/\/ebrexperience.cat\/es\/wp-json\/wp\/v2\/event_type_3?post=20420"}],"curies":[{"name":"wp","href":"https:\/\/api.w.org\/{rel}","templated":true}]}}