{"id":18922,"date":"2023-06-20T16:33:25","date_gmt":"2023-06-20T14:33:25","guid":{"rendered":"https:\/\/ebrexperience.cat\/events\/rihihiu-edicion-verano\/"},"modified":"2023-06-30T16:10:55","modified_gmt":"2023-06-30T14:10:55","slug":"rihihiu-edicion-verano","status":"publish","type":"ajde_events","link":"https:\/\/ebrexperience.cat\/es\/events\/rihihiu-edicion-verano\/","title":{"rendered":"RIHIHIU, edici\u00f3n verano"},"content":{"rendered":"\n<p>Tercera edici\u00f3n del festival Rihihiu, festival de artes vivas en peque\u00f1o formato en la llanura del Montsi\u00e0, con una primera edici\u00f3n de verano en el Mas de Barberans (y una de oto\u00f1o en Santa B\u00e0rbara, de donde es originario). Se trata de un festival participativo que pone en valor la tradici\u00f3n por pensarse desde nuestras identidades actuales, atravesadas por los debates de g\u00e9nero. Es un festival que incluye a las personas de todas las edades y que revisita rincones olvidados de nuestro entorno m\u00e1s inmediato. Danza, performance, conciertos, circo, di\u00e1logos agroqueeros y exposici\u00f3n, entre otras actividades.<\/p>\n\n<p>Precio: participaci\u00f3n gratu\u00edta<\/p>\n","protected":false},"author":96,"featured_media":18264,"menu_order":0,"comment_status":"closed","ping_status":"closed","template":"","meta":{"_acf_changed":false},"tags":[],"event_type":[298],"event_type_2":[],"event_type_3":[],"class_list":["post-18922","ajde_events","type-ajde_events","status-publish","has-post-thumbnail","hentry","event_type-mas-de-barberans-es"],"acf":[],"yoast_head":"<!-- This site is optimized with the Yoast SEO plugin v27.5 - https:\/\/yoast.com\/product\/yoast-seo-wordpress\/ -->\n<title>RIHIHIU, edici\u00f3n verano - Ebrexperience<\/title>\n<meta name=\"robots\" content=\"index, follow, max-snippet:-1, max-image-preview:large, max-video-preview:-1\" \/>\n<link rel=\"canonical\" href=\"https:\/\/ebrexperience.cat\/es\/events\/rihihiu-edicion-verano\/\" \/>\n<meta property=\"og:locale\" content=\"es_ES\" \/>\n<meta property=\"og:type\" content=\"article\" \/>\n<meta property=\"og:title\" content=\"RIHIHIU, edici\u00f3n verano - Ebrexperience\" \/>\n<meta property=\"og:description\" content=\"Tercera edici\u00f3n del festival Rihihiu, festival de artes vivas en peque\u00f1o formato en la llanura del Montsi\u00e0, con una primera edici\u00f3n de verano en el Mas de Barberans (y una de oto\u00f1o en Santa B\u00e0rbara, de donde es originario). Se trata de un festival participativo que pone en valor la tradici\u00f3n por pensarse desde nuestras &hellip;\" \/>\n<meta property=\"og:url\" content=\"https:\/\/ebrexperience.cat\/es\/events\/rihihiu-edicion-verano\/\" \/>\n<meta property=\"og:site_name\" content=\"Ebrexperience\" \/>\n<meta property=\"article:publisher\" content=\"https:\/\/www.facebook.com\/EbreXperience\/\" \/>\n<meta property=\"article:modified_time\" content=\"2023-06-30T14:10:55+00:00\" \/>\n<meta property=\"og:image\" content=\"https:\/\/ebrexperience.cat\/wp-content\/uploads\/2023\/06\/rihihiu-400_0.webp\" \/>\n\t<meta property=\"og:image:width\" content=\"400\" \/>\n\t<meta property=\"og:image:height\" content=\"400\" \/>\n\t<meta property=\"og:image:type\" content=\"image\/webp\" \/>\n<meta name=\"twitter:card\" content=\"summary_large_image\" \/>\n<meta name=\"twitter:site\" content=\"@ebrexperience\" \/>\n<meta name=\"twitter:label1\" content=\"Tiempo de lectura\" \/>\n\t<meta name=\"twitter:data1\" content=\"1 minuto\" \/>\n<script type=\"application\/ld+json\" class=\"yoast-schema-graph\">{\"@context\":\"https:\\\/\\\/schema.org\",\"@graph\":[{\"@type\":\"WebPage\",\"@id\":\"https:\\\/\\\/ebrexperience.cat\\\/es\\\/events\\\/rihihiu-edicion-verano\\\/\",\"url\":\"https:\\\/\\\/ebrexperience.cat\\\/es\\\/events\\\/rihihiu-edicion-verano\\\/\",\"name\":\"RIHIHIU, edici\u00f3n verano - Ebrexperience\",\"isPartOf\":{\"@id\":\"https:\\\/\\\/ebrexperience.cat\\\/#website\"},\"primaryImageOfPage\":{\"@id\":\"https:\\\/\\\/ebrexperience.cat\\\/es\\\/events\\\/rihihiu-edicion-verano\\\/#primaryimage\"},\"image\":{\"@id\":\"https:\\\/\\\/ebrexperience.cat\\\/es\\\/events\\\/rihihiu-edicion-verano\\\/#primaryimage\"},\"thumbnailUrl\":\"https:\\\/\\\/ebrexperience.cat\\\/wp-content\\\/uploads\\\/2023\\\/06\\\/rihihiu-400_0.webp\",\"datePublished\":\"2023-06-20T14:33:25+00:00\",\"dateModified\":\"2023-06-30T14:10:55+00:00\",\"breadcrumb\":{\"@id\":\"https:\\\/\\\/ebrexperience.cat\\\/es\\\/events\\\/rihihiu-edicion-verano\\\/#breadcrumb\"},\"inLanguage\":\"es\",\"potentialAction\":[{\"@type\":\"ReadAction\",\"target\":[\"https:\\\/\\\/ebrexperience.cat\\\/es\\\/events\\\/rihihiu-edicion-verano\\\/\"]}]},{\"@type\":\"ImageObject\",\"inLanguage\":\"es\",\"@id\":\"https:\\\/\\\/ebrexperience.cat\\\/es\\\/events\\\/rihihiu-edicion-verano\\\/#primaryimage\",\"url\":\"https:\\\/\\\/ebrexperience.cat\\\/wp-content\\\/uploads\\\/2023\\\/06\\\/rihihiu-400_0.webp\",\"contentUrl\":\"https:\\\/\\\/ebrexperience.cat\\\/wp-content\\\/uploads\\\/2023\\\/06\\\/rihihiu-400_0.webp\",\"width\":400,\"height\":400,\"caption\":\"rihihiu\"},{\"@type\":\"BreadcrumbList\",\"@id\":\"https:\\\/\\\/ebrexperience.cat\\\/es\\\/events\\\/rihihiu-edicion-verano\\\/#breadcrumb\",\"itemListElement\":[{\"@type\":\"ListItem\",\"position\":1,\"name\":\"Portada\",\"item\":\"https:\\\/\\\/ebrexperience.cat\\\/es\\\/\"},{\"@type\":\"ListItem\",\"position\":2,\"name\":\"Events\",\"item\":\"https:\\\/\\\/ebrexperience.cat\\\/events\\\/\"},{\"@type\":\"ListItem\",\"position\":3,\"name\":\"RIHIHIU, edici\u00f3n verano\"}]},{\"@type\":\"WebSite\",\"@id\":\"https:\\\/\\\/ebrexperience.cat\\\/#website\",\"url\":\"https:\\\/\\\/ebrexperience.cat\\\/\",\"name\":\"Ebrexperience\",\"description\":\"\",\"publisher\":{\"@id\":\"https:\\\/\\\/ebrexperience.cat\\\/#organization\"},\"potentialAction\":[{\"@type\":\"SearchAction\",\"target\":{\"@type\":\"EntryPoint\",\"urlTemplate\":\"https:\\\/\\\/ebrexperience.cat\\\/?s={search_term_string}\"},\"query-input\":{\"@type\":\"PropertyValueSpecification\",\"valueRequired\":true,\"valueName\":\"search_term_string\"}}],\"inLanguage\":\"es\"},{\"@type\":\"Organization\",\"@id\":\"https:\\\/\\\/ebrexperience.cat\\\/#organization\",\"name\":\"Ebrexperience\",\"url\":\"https:\\\/\\\/ebrexperience.cat\\\/\",\"logo\":{\"@type\":\"ImageObject\",\"inLanguage\":\"es\",\"@id\":\"https:\\\/\\\/ebrexperience.cat\\\/#\\\/schema\\\/logo\\\/image\\\/\",\"url\":\"https:\\\/\\\/ebrexperience.cat\\\/wp-content\\\/uploads\\\/2023\\\/03\\\/logo.png\",\"contentUrl\":\"https:\\\/\\\/ebrexperience.cat\\\/wp-content\\\/uploads\\\/2023\\\/03\\\/logo.png\",\"width\":252,\"height\":45,\"caption\":\"Ebrexperience\"},\"image\":{\"@id\":\"https:\\\/\\\/ebrexperience.cat\\\/#\\\/schema\\\/logo\\\/image\\\/\"},\"sameAs\":[\"https:\\\/\\\/www.facebook.com\\\/EbreXperience\\\/\",\"https:\\\/\\\/x.com\\\/ebrexperience\",\"https:\\\/\\\/www.instagram.com\\\/ebrexperience\\\/\"]}]}<\/script>\n<!-- \/ Yoast SEO plugin. -->","yoast_head_json":{"title":"RIHIHIU, edici\u00f3n verano - Ebrexperience","robots":{"index":"index","follow":"follow","max-snippet":"max-snippet:-1","max-image-preview":"max-image-preview:large","max-video-preview":"max-video-preview:-1"},"canonical":"https:\/\/ebrexperience.cat\/es\/events\/rihihiu-edicion-verano\/","og_locale":"es_ES","og_type":"article","og_title":"RIHIHIU, edici\u00f3n verano - Ebrexperience","og_description":"Tercera edici\u00f3n del festival Rihihiu, festival de artes vivas en peque\u00f1o formato en la llanura del Montsi\u00e0, con una primera edici\u00f3n de verano en el Mas de Barberans (y una de oto\u00f1o en Santa B\u00e0rbara, de donde es originario). Se trata de un festival participativo que pone en valor la tradici\u00f3n por pensarse desde nuestras &hellip;","og_url":"https:\/\/ebrexperience.cat\/es\/events\/rihihiu-edicion-verano\/","og_site_name":"Ebrexperience","article_publisher":"https:\/\/www.facebook.com\/EbreXperience\/","article_modified_time":"2023-06-30T14:10:55+00:00","og_image":[{"width":400,"height":400,"url":"https:\/\/ebrexperience.cat\/wp-content\/uploads\/2023\/06\/rihihiu-400_0.webp","type":"image\/webp"}],"twitter_card":"summary_large_image","twitter_site":"@ebrexperience","twitter_misc":{"Tiempo de lectura":"1 minuto"},"schema":{"@context":"https:\/\/schema.org","@graph":[{"@type":"WebPage","@id":"https:\/\/ebrexperience.cat\/es\/events\/rihihiu-edicion-verano\/","url":"https:\/\/ebrexperience.cat\/es\/events\/rihihiu-edicion-verano\/","name":"RIHIHIU, edici\u00f3n verano - Ebrexperience","isPartOf":{"@id":"https:\/\/ebrexperience.cat\/#website"},"primaryImageOfPage":{"@id":"https:\/\/ebrexperience.cat\/es\/events\/rihihiu-edicion-verano\/#primaryimage"},"image":{"@id":"https:\/\/ebrexperience.cat\/es\/events\/rihihiu-edicion-verano\/#primaryimage"},"thumbnailUrl":"https:\/\/ebrexperience.cat\/wp-content\/uploads\/2023\/06\/rihihiu-400_0.webp","datePublished":"2023-06-20T14:33:25+00:00","dateModified":"2023-06-30T14:10:55+00:00","breadcrumb":{"@id":"https:\/\/ebrexperience.cat\/es\/events\/rihihiu-edicion-verano\/#breadcrumb"},"inLanguage":"es","potentialAction":[{"@type":"ReadAction","target":["https:\/\/ebrexperience.cat\/es\/events\/rihihiu-edicion-verano\/"]}]},{"@type":"ImageObject","inLanguage":"es","@id":"https:\/\/ebrexperience.cat\/es\/events\/rihihiu-edicion-verano\/#primaryimage","url":"https:\/\/ebrexperience.cat\/wp-content\/uploads\/2023\/06\/rihihiu-400_0.webp","contentUrl":"https:\/\/ebrexperience.cat\/wp-content\/uploads\/2023\/06\/rihihiu-400_0.webp","width":400,"height":400,"caption":"rihihiu"},{"@type":"BreadcrumbList","@id":"https:\/\/ebrexperience.cat\/es\/events\/rihihiu-edicion-verano\/#breadcrumb","itemListElement":[{"@type":"ListItem","position":1,"name":"Portada","item":"https:\/\/ebrexperience.cat\/es\/"},{"@type":"ListItem","position":2,"name":"Events","item":"https:\/\/ebrexperience.cat\/events\/"},{"@type":"ListItem","position":3,"name":"RIHIHIU, edici\u00f3n verano"}]},{"@type":"WebSite","@id":"https:\/\/ebrexperience.cat\/#website","url":"https:\/\/ebrexperience.cat\/","name":"Ebrexperience","description":"","publisher":{"@id":"https:\/\/ebrexperience.cat\/#organization"},"potentialAction":[{"@type":"SearchAction","target":{"@type":"EntryPoint","urlTemplate":"https:\/\/ebrexperience.cat\/?s={search_term_string}"},"query-input":{"@type":"PropertyValueSpecification","valueRequired":true,"valueName":"search_term_string"}}],"inLanguage":"es"},{"@type":"Organization","@id":"https:\/\/ebrexperience.cat\/#organization","name":"Ebrexperience","url":"https:\/\/ebrexperience.cat\/","logo":{"@type":"ImageObject","inLanguage":"es","@id":"https:\/\/ebrexperience.cat\/#\/schema\/logo\/image\/","url":"https:\/\/ebrexperience.cat\/wp-content\/uploads\/2023\/03\/logo.png","contentUrl":"https:\/\/ebrexperience.cat\/wp-content\/uploads\/2023\/03\/logo.png","width":252,"height":45,"caption":"Ebrexperience"},"image":{"@id":"https:\/\/ebrexperience.cat\/#\/schema\/logo\/image\/"},"sameAs":["https:\/\/www.facebook.com\/EbreXperience\/","https:\/\/x.com\/ebrexperience","https:\/\/www.instagram.com\/ebrexperience\/"]}]}},"_links":{"self":[{"href":"https:\/\/ebrexperience.cat\/es\/wp-json\/wp\/v2\/ajde_events\/18922","targetHints":{"allow":["GET"]}}],"collection":[{"href":"https:\/\/ebrexperience.cat\/es\/wp-json\/wp\/v2\/ajde_events"}],"about":[{"href":"https:\/\/ebrexperience.cat\/es\/wp-json\/wp\/v2\/types\/ajde_events"}],"author":[{"embeddable":true,"href":"https:\/\/ebrexperience.cat\/es\/wp-json\/wp\/v2\/users\/96"}],"replies":[{"embeddable":true,"href":"https:\/\/ebrexperience.cat\/es\/wp-json\/wp\/v2\/comments?post=18922"}],"wp:featuredmedia":[{"embeddable":true,"href":"https:\/\/ebrexperience.cat\/es\/wp-json\/wp\/v2\/media\/18264"}],"wp:attachment":[{"href":"https:\/\/ebrexperience.cat\/es\/wp-json\/wp\/v2\/media?parent=18922"}],"wp:term":[{"taxonomy":"post_tag","embeddable":true,"href":"https:\/\/ebrexperience.cat\/es\/wp-json\/wp\/v2\/tags?post=18922"},{"taxonomy":"event_type","embeddable":true,"href":"https:\/\/ebrexperience.cat\/es\/wp-json\/wp\/v2\/event_type?post=18922"},{"taxonomy":"event_type_2","embeddable":true,"href":"https:\/\/ebrexperience.cat\/es\/wp-json\/wp\/v2\/event_type_2?post=18922"},{"taxonomy":"event_type_3","embeddable":true,"href":"https:\/\/ebrexperience.cat\/es\/wp-json\/wp\/v2\/event_type_3?post=18922"}],"curies":[{"name":"wp","href":"https:\/\/api.w.org\/{rel}","templated":true}]}}