{"version":"1.0","provider_name":"Ebrexperience","provider_url":"https:\/\/ebrexperience.cat\/es\/","author_name":"EbreXperience","author_url":"https:\/\/ebrexperience.cat\/es\/author\/ebrexperience\/","title":"XIII Jornada del At\u00fan Rojo - Ebrexperience","type":"rich","width":600,"height":338,"html":"<blockquote class=\"wp-embedded-content\" data-secret=\"GWxjVmlxoK\"><a href=\"https:\/\/ebrexperience.cat\/es\/events\/xiii-jornada-del-atun-rojo\/\">XIII Jornada del At\u00fan Rojo<\/a><\/blockquote><iframe sandbox=\"allow-scripts\" security=\"restricted\" src=\"https:\/\/ebrexperience.cat\/es\/events\/xiii-jornada-del-atun-rojo\/embed\/#?secret=GWxjVmlxoK\" width=\"600\" height=\"338\" title=\"\u00abXIII Jornada del At\u00fan Rojo\u00bb \u2014 Ebrexperience\" data-secret=\"GWxjVmlxoK\" frameborder=\"0\" marginwidth=\"0\" marginheight=\"0\" scrolling=\"no\" class=\"wp-embedded-content\"><\/iframe><script type=\"text\/javascript\">\n\/* <![CDATA[ *\/\n\/*! This file is auto-generated *\/\n!function(d,l){\"use strict\";l.querySelector&&d.addEventListener&&\"undefined\"!=typeof URL&&(d.wp=d.wp||{},d.wp.receiveEmbedMessage||(d.wp.receiveEmbedMessage=function(e){var t=e.data;if((t||t.secret||t.message||t.value)&&!\/[^a-zA-Z0-9]\/.test(t.secret)){for(var s,r,n,a=l.querySelectorAll('iframe[data-secret=\"'+t.secret+'\"]'),o=l.querySelectorAll('blockquote[data-secret=\"'+t.secret+'\"]'),c=new RegExp(\"^https?:$\",\"i\"),i=0;i<o.length;i++)o[i].style.display=\"none\";for(i=0;i<a.length;i++)s=a[i],e.source===s.contentWindow&&(s.removeAttribute(\"style\"),\"height\"===t.message?(1e3<(r=parseInt(t.value,10))?r=1e3:~~r<200&&(r=200),s.height=r):\"link\"===t.message&&(r=new URL(s.getAttribute(\"src\")),n=new URL(t.value),c.test(n.protocol))&&n.host===r.host&&l.activeElement===s&&(d.top.location.href=t.value))}},d.addEventListener(\"message\",d.wp.receiveEmbedMessage,!1),l.addEventListener(\"DOMContentLoaded\",function(){for(var e,t,s=l.querySelectorAll(\"iframe.wp-embedded-content\"),r=0;r<s.length;r++)(t=(e=s[r]).getAttribute(\"data-secret\"))||(t=Math.random().toString(36).substring(2,12),e.src+=\"#?secret=\"+t,e.setAttribute(\"data-secret\",t)),e.contentWindow.postMessage({message:\"ready\",secret:t},\"*\")},!1)))}(window,document);\n\/\/# sourceURL=https:\/\/ebrexperience.cat\/wp-includes\/js\/wp-embed.min.js\n\/* ]]> *\/\n<\/script>\n","thumbnail_url":"https:\/\/ebrexperience.cat\/wp-content\/uploads\/2024\/04\/jornades-1.png","thumbnail_width":441,"thumbnail_height":612,"description":"XIII Jornada del at\u00fan rojo, del 26 de abril al 5 de mayo la Ametlla de Mar se convertir\u00e1 en la capital gastron\u00f3mica del at\u00fan rojo del Mediterr\u00e1neo. En esta ruta de la tapa roja participan los bares que servir\u00e1n la tapa roja por 5\u20ac, bebida incluida.&#13; NOVEDAD: Venta anticipada de tickets del D\u00eda del &hellip;"}