{"version":"1.0","provider_name":"Ebrexperience","provider_url":"https:\/\/ebrexperience.cat\/es\/","author_name":"EbreXperience","author_url":"https:\/\/ebrexperience.cat\/es\/author\/ebrexperience\/","title":"Mil\u00b7len\u00e0ria Feria del aceite y el esp\u00e1rrago - Ebrexperience","type":"rich","width":600,"height":338,"html":"<blockquote class=\"wp-embedded-content\" data-secret=\"dO77OLU3XN\"><a href=\"https:\/\/ebrexperience.cat\/es\/events\/mil%c2%b7lenaria-feria-del-aceite-y-el-esparrago\/\">Mil\u00b7len\u00e0ria Feria del aceite y el esp\u00e1rrago<\/a><\/blockquote><iframe sandbox=\"allow-scripts\" security=\"restricted\" src=\"https:\/\/ebrexperience.cat\/es\/events\/mil%c2%b7lenaria-feria-del-aceite-y-el-esparrago\/embed\/#?secret=dO77OLU3XN\" width=\"600\" height=\"338\" title=\"\u00abMil\u00b7len\u00e0ria Feria del aceite y el esp\u00e1rrago\u00bb \u2014 Ebrexperience\" data-secret=\"dO77OLU3XN\" frameborder=\"0\" marginwidth=\"0\" marginheight=\"0\" scrolling=\"no\" class=\"wp-embedded-content\"><\/iframe><script type=\"text\/javascript\">\n\/* <![CDATA[ *\/\n\/*! This file is auto-generated *\/\n!function(d,l){\"use strict\";l.querySelector&&d.addEventListener&&\"undefined\"!=typeof URL&&(d.wp=d.wp||{},d.wp.receiveEmbedMessage||(d.wp.receiveEmbedMessage=function(e){var t=e.data;if((t||t.secret||t.message||t.value)&&!\/[^a-zA-Z0-9]\/.test(t.secret)){for(var s,r,n,a=l.querySelectorAll('iframe[data-secret=\"'+t.secret+'\"]'),o=l.querySelectorAll('blockquote[data-secret=\"'+t.secret+'\"]'),c=new RegExp(\"^https?:$\",\"i\"),i=0;i<o.length;i++)o[i].style.display=\"none\";for(i=0;i<a.length;i++)s=a[i],e.source===s.contentWindow&&(s.removeAttribute(\"style\"),\"height\"===t.message?(1e3<(r=parseInt(t.value,10))?r=1e3:~~r<200&&(r=200),s.height=r):\"link\"===t.message&&(r=new URL(s.getAttribute(\"src\")),n=new URL(t.value),c.test(n.protocol))&&n.host===r.host&&l.activeElement===s&&(d.top.location.href=t.value))}},d.addEventListener(\"message\",d.wp.receiveEmbedMessage,!1),l.addEventListener(\"DOMContentLoaded\",function(){for(var e,t,s=l.querySelectorAll(\"iframe.wp-embedded-content\"),r=0;r<s.length;r++)(t=(e=s[r]).getAttribute(\"data-secret\"))||(t=Math.random().toString(36).substring(2,12),e.src+=\"#?secret=\"+t,e.setAttribute(\"data-secret\",t)),e.contentWindow.postMessage({message:\"ready\",secret:t},\"*\")},!1)))}(window,document);\n\/\/# sourceURL=https:\/\/ebrexperience.cat\/wp-includes\/js\/wp-embed.min.js\n\/* ]]> *\/\n<\/script>\n","thumbnail_url":"https:\/\/ebrexperience.cat\/wp-content\/uploads\/2024\/02\/milenaria.png","thumbnail_width":637,"thumbnail_height":913,"description":"La Feria del aceite y el esp\u00e1rrago de Godall, contin\u00faa su camino. Tras la buena aceptaci\u00f3n que tuvo el a\u00f1o pasado la nueva ubicaci\u00f3n de la Feria Milenaria por las calles de Godall, este a\u00f1o la organizaci\u00f3n ha decidido continuar con la l\u00ednea de proyecci\u00f3n y darle un nuevo empuj\u00f3n, con la voluntad de que &hellip;"}